{"id":46852,"date":"2021-10-01T01:02:31","date_gmt":"2021-10-01T07:02:31","guid":{"rendered":"https:\/\/www.adobecar.com\/?post_type=fleet&#038;p=46852"},"modified":"2026-04-27T10:23:30","modified_gmt":"2026-04-27T16:23:30","slug":"camionnette-4x4","status":"publish","type":"fleet","link":"https:\/\/www.adobecar.com\/fr\/flota\/camionnette-4x4\/","title":{"rendered":"Camionnette 4&#215;4"},"content":{"rendered":"\t\t<div data-elementor-type=\"wp-post\" data-elementor-id=\"46852\" class=\"elementor elementor-46852 elementor-46829\" data-elementor-post-type=\"fleet\">\n\t\t\t\t<div data-particle_enable=\"false\" data-particle-mobile-disabled=\"false\" class=\"elementor-element elementor-element-5c0b916 e-flex e-con-boxed e-con e-parent\" data-id=\"5c0b916\" data-element_type=\"container\" data-e-type=\"container\">\n\t\t\t\t\t<div class=\"e-con-inner\">\n\t\t<div data-particle_enable=\"false\" data-particle-mobile-disabled=\"false\" class=\"elementor-element elementor-element-e2112e2 e-con-full e-flex e-con e-child\" data-id=\"e2112e2\" data-element_type=\"container\" data-e-type=\"container\">\n\t\t\t\t<div class=\"elementor-element elementor-element-cefe0ee elementor-widget elementor-widget-theme-post-title elementor-page-title elementor-widget-heading\" data-id=\"cefe0ee\" data-element_type=\"widget\" data-e-type=\"widget\" data-widget_type=\"theme-post-title.default\">\n\t\t\t\t\t<h1 class=\"elementor-heading-title elementor-size-default\">Camionnette 4&#215;4<\/h1>\t\t\t\t<\/div>\n\t\t\t\t<div class=\"elementor-element elementor-element-fe6c69a elementor-widget elementor-widget-shortcode\" data-id=\"fe6c69a\" data-element_type=\"widget\" data-e-type=\"widget\" data-widget_type=\"shortcode.default\">\n\t\t\t\t\t\t\t<div class=\"elementor-shortcode\"><\/div>\n\t\t\t\t\t\t<\/div>\n\t\t\t\t<div class=\"elementor-element elementor-element-a70b0f2 elementor-widget elementor-widget-text-editor\" data-id=\"a70b0f2\" data-element_type=\"widget\" data-e-type=\"widget\" data-widget_type=\"text-editor.default\">\n\t\t\t\t\t\t\t\t\t<p>Les pick-ups 4&#215;4 automatiques, comme le Mitsubishi L200 GLS ou des mod\u00e8les similaires, sont les v\u00e9hicules utilitaires parfaits pour r\u00e9pondre \u00e0 vos besoins professionnels et tout-terrain. Ces v\u00e9hicules performants allient puissance, efficacit\u00e9 et confort, ce qui les rend id\u00e9aux pour les terrains vari\u00e9s du Costa Rica.<\/p>\n<p>Contrairement \u00e0 un pick-up compact, celui-ci offre une cabine double 4 portes avec 5 places\u00a0; un moteur de 134 chevaux \u00e0 faible consommation (6,5 l\/100 km en moyenne)\u00a0; des jantes en alliage\u00a0; une capacit\u00e9 de charge utile maximale\u00a0; et un syst\u00e8me de navigation haut de gamme.<\/p>\t\t\t\t\t\t\t\t<\/div>\n\t\t\t\t<\/div>\n\t\t<div data-particle_enable=\"false\" data-particle-mobile-disabled=\"false\" class=\"elementor-element elementor-element-306740d e-con-full e-flex e-con e-child\" data-id=\"306740d\" data-element_type=\"container\" data-e-type=\"container\">\n\t\t\t\t<div class=\"elementor-element elementor-element-337d074 elementor-widget elementor-widget-shortcode\" data-id=\"337d074\" data-element_type=\"widget\" data-e-type=\"widget\" data-widget_type=\"shortcode.default\">\n\t\t\t\t\t\t\t<div class=\"elementor-shortcode\">\n<div class=\"adobe-flow-wrapper\">\n    <form id=\"booking-now\" class=\"adobe-form form-buscador adobe-full-form\" action=\"https:\/\/www.adobecar.com\/fr\/adobe-results\/\" method=\"GET\" >\n        <input type=\"hidden\" name=\"adobe_search\" value=\"1\">\n    \n        <div class=\"form-row\">\n            <span class=\"label d--none\">O\u00f9 est votre prochain voyage?<\/span>\n            <div class=\"fields-row check-drop-off hide-last\">\n                \t<div class=\"fields-wrapper\">\r\n\t\t<div class=\"first pickup-wrapper dropdown-pick required\">\r\n\t\t\t<span class=\"label\">Bureau de ramassage<\/span>\r\n\t\t\t<div class=\"dropdown\">\r\n\t\t\t\t<button class=\"form-control button-pick pick-up-place\" type=\"button\" data-toggle=\"dropdown\" aria-haspopup=\"true\" aria-expanded=\"true\">\r\n\t\t\t\t\tBureau de ramassage\t\t\t\t<\/button>\r\n\t\t\t\t<span class=\"error help-block\">Vous devez indiquer o\u00f9 le v\u00e9hicule sera r\u00e9cup\u00e9r\u00e9<\/span>\r\n\t\t\t\t\r\n\t\t\t\t\t\t\t\t<ul class=\"dropdown-menu\" aria-labelledby=\"pick-up-place\">\r\n\t\t\t\t\t<li>\r\n\t\t\t\t\t\t<a class=\"place-title\">Fortuna<\/a>\r\n\t\t\t\t\t\t<a data-toggle=\"modal\" data-target=\"#pick-up-map\" class=\"toggle-map\"><span class=\"icon\">https:\/\/www.adobecar.com\/wp-content\/plugins\/adobe-renting-flow\/assets\/images\/icon-map-pin.svg<\/span><\/a>\r\n\t\t\t\t\t<\/li>\r\n\t\t\t\t<\/ul>\r\n\t\t\t<\/div>\r\n\t\t\t<input type=\"hidden\" name=\"pick_up_place\" data-trip=\"pick-up\" class=\"input-pick input-validate pick-up-input\" value=\"\">\r\n\t\t<\/div>\r\n\t\t\r\n\t\t<div class=\"last dropoff-wrapper dropdown-pick required\">\r\n\t\t\t<span class=\"label\">Bureau de d\u00e9p\u00f4t<\/span>\r\n\t\t\t<div class=\"dropdown\">\r\n\t\t\t\t<button class=\"form-control dropdown-toggle button-pick drop-off-place\" type=\"button\" data-toggle=\"dropdown\" aria-haspopup=\"true\" aria-expanded=\"true\">Bureau de d\u00e9p\u00f4t<\/button>\r\n\t\t\t\t<span class=\"error help-block\">Vous devez indiquer o\u00f9 le v\u00e9hicule sera d\u00e9pos\u00e9<\/span>\r\n\t\t\t\t\r\n\t\t\t\t\t\t\t\t<ul class=\"dropdown-menu\" aria-labelledby=\"pick-up-place\">\r\n\t\t\t\t\t<li>\r\n\t\t\t\t\t\t<a class=\"place-title\">Fortuna<\/a>\r\n\t\t\t\t\t\t<a data-toggle=\"modal\" data-target=\"#pick-up-map\" class=\"toggle-map\"><span class=\"icon\">https:\/\/www.adobecar.com\/wp-content\/plugins\/adobe-renting-flow\/assets\/images\/icon-map-pin.svg<\/span><\/a>\r\n\t\t\t\t\t<\/li>\r\n\t\t\t\t<\/ul>\r\n\t\t\t<\/div>\r\n\t\t\t<input type=\"hidden\" name=\"drop_off_place\" data-trip=\"drop-off\" class=\"input-pick input-validate drop-off-input\" value=\"\">\r\n\t\t<\/div>\r\n\t<\/div>\r\n\t    \n                                    <div class=\"custom-checkbox\">\n                        <input type=\"checkbox\" id=\"return-same-location\" class=\"return-same-location\" checked \/>\n                        <label for=\"return-same-location\">Retour au m\u00eame endroit?<\/label>\n                    <\/div>\n                            <\/div>\n        <\/div>\n    \n        <div class=\"form-row\">\n            <span class=\"label d--none\">A quand ton prochain voyage?<\/span>\n            <div class=\"fields-row\">\n    \n                \t<div class=\"fields-wrapper\">\r\n\t\t<div class=\"date-wrapper\">\r\n\t\t\t<span class=\"label\">Ramasser une date<\/span>\r\n\t\t\t<div class=\"calendar-group\">\r\n\t\t\t\t<input id=\"pick-up-date_view\" type=\"text\" class=\"form-control date-from pick-up-date_view\" placeholder=\"30 Avr\" readonly=\"readonly\" data-val=\"2026-05-01\" \/>\r\n\t\t\t\t<input type=\"hidden\" class=\"form-control date-input input-from pick-up-date\" name=\"pick_up_date\" value=\"2026-05-01\" \/>\r\n\r\n\t\t\t\t<span class=\"calendar-icon\">\r\n\t\t\t\t\t<i class=\"icon-date\"><\/i>\r\n\t\t\t\t<\/span>\r\n\t\t\t<\/div>\r\n\r\n\t\t\t\t\t\t\r\n\t\t\t<span class=\"datefrom-picker\" style=\"display: block;\"><\/span>\r\n\t\t\t<span class=\"error help-block\">Vous devez indiquer une date<\/span>\r\n\t\t<\/div>\r\n\t\t<div class=\"date-wrapper\">\r\n\t\t\t<span class=\"label\">Date de retour<\/span>\r\n\t\t\t<div class=\"calendar-group\">\r\n\t\t\t\t<input id=\"drop-off-date_view\" type=\"text\" class=\"form-control date-to drop-off-date_view\" placeholder=\"06 Mai\" readonly=\"readonly\" data-val=\"2026-05-07\" \/>\r\n\t\t\t\t<input type=\"hidden\" class=\"form-control date-input input-to drop-off-date\" name=\"drop_off_date\" value=\"2026-05-07\" \/>\r\n\r\n\t\t\t\t<span class=\"calendar-icon\">\r\n\t\t\t\t\t<i class=\"icon-date\"><\/i>\r\n\t\t\t\t<\/span>\r\n\t\t\t<\/div>\r\n\r\n\t\t\t\t\t\t\r\n\t\t\t<span class=\"dateto-picker\" style=\"display: block;\"><\/span>\r\n\t\t\t<span class=\"error help-block\">Vous devez indiquer une date<\/span>\r\n\t\t<\/div>\r\n\t<\/div>\r\n\t    \n            <\/div>\n        <\/div>\n    \n        <div class=\"form-row\">\n            <div class=\"fields-row\">\n                <div class=\"hour-container fields-wrapper\">\n                    <div class=\"item-hour required\">\n                        <span class=\"label\">Lieu de prise en charge<\/span>\n                        <select name=\"pick_up_time\" class=\"select-time pick-up-time\" data-current=\"\" style=\"display: none\"><\/select>\n                        <span class=\"error help-block\">Choisissez d'abord un emplacement<\/span>\n                        <span class=\"error help-block error-office hide\">Ce site est d\u00e9j\u00e0 ferm\u00e9<\/span>\n                    <\/div>\n                    <div class=\"item-hour required\">\n                        <span class=\"label\">Heure de retour<\/span>\n                        <select name=\"drop_off_time\" class=\"select-time drop-off-time\" data-current=\"\" style=\"display: none\"><\/select>\n                        <span class=\"error help-block\">Choisissez d'abord un emplacement<\/span>\n                    <\/div>\n                <\/div>\n            <\/div>\n        <\/div>\n    \n                    <div class=\"form-row\">\n                                <span class=\"label\">Habitant du Costa Rica?<\/span>\n                <div class=\"fields-row cr_resident-validation\">\n                    <span class=\"label\">\n                        <span class=\"radio-text\">Oui<\/span>\n                        <input type=\"radio\" name=\"cr_resident\" value=\"1\" >\n                    <\/span>\n                    <span class=\"label\">\n                        <span class=\"radio-text\">No<\/span>\n                        <input type=\"radio\" name=\"cr_resident\" value=\"0\" checked=\"checked\">\n                    <\/span>\n                    <span class=\"error help-block\">Cette option est obligatoire<\/span>\n                <\/div>\n            <\/div>\n        \n            <div class=\"form-row\">\n                <div class=\"fields-row coupon-wrapper\">\n                                            <span class=\"label\"><span>Ajouter un bon de r\u00e9duction<\/span><\/span>\n                        <input type=\"text\" name=\"promo_code\" class=\"form-control promo_code\" placeholder=\"Codes promo\" autocomplete=\"off\">\n                                        <p class=\"small\" style=\"display: none;\">\n                        <span class=\"adobe-ip\"><\/span>\n                        <span class=\"adobe-location\"><\/span>\n                    <\/p>\n                <\/div>\n            <\/div>\n            \n        <div class=\"form-row\">\n                        <div class=\"button-search-wrapper\">\n                <button data-loading-text=\"Loading...\" class=\"btn btn-adobe-green btn-search\" type=\"submit\">Chercher<\/button>\n            <\/div>\n        <\/div>\n    <\/form>\n<\/div><\/div>\n\t\t\t\t\t\t<\/div>\n\t\t\t\t<\/div>\n\t\t\t\t\t<\/div>\n\t\t\t\t<\/div>\n\t\t<div data-particle_enable=\"false\" data-particle-mobile-disabled=\"false\" class=\"elementor-element elementor-element-0235f88 e-flex e-con-boxed e-con e-parent\" data-id=\"0235f88\" data-element_type=\"container\" data-e-type=\"container\">\n\t\t\t\t\t<div class=\"e-con-inner\">\n\t\t\t\t<div class=\"elementor-element elementor-element-40bf568 elementor-widget elementor-widget-text-editor\" data-id=\"40bf568\" data-element_type=\"widget\" data-e-type=\"widget\" data-widget_type=\"text-editor.default\">\n\t\t\t\t\t\t\t\t\t<p><strong>Disponibilit\u00e9 des v\u00e9hicules<\/strong><\/p>\t\t\t\t\t\t\t\t<\/div>\n\t\t\t\t<div class=\"elementor-element elementor-element-9748b65 elementor-widget elementor-widget-text-editor\" data-id=\"9748b65\" data-element_type=\"widget\" data-e-type=\"widget\" data-widget_type=\"text-editor.default\">\n\t\t\t\t\t\t\t\t\t<p>Montrer les voitures selon leur cat\u00e9gorie<\/p>\t\t\t\t\t\t\t\t<\/div>\n\t\t\t\t<div class=\"elementor-element elementor-element-1bfc187 elementor-widget elementor-widget-template\" data-id=\"1bfc187\" data-element_type=\"widget\" data-e-type=\"widget\" data-widget_type=\"template.default\">\n\t\t\t\t<div class=\"elementor-widget-container\">\n\t\t\t\t\t\t\t<div class=\"elementor-template\">\n\t\t\t\t\t<div data-elementor-type=\"container\" data-elementor-id=\"41490\" class=\"elementor elementor-41490\" data-elementor-post-type=\"elementor_library\">\n\t\t\t\t<div data-particle_enable=\"false\" data-particle-mobile-disabled=\"false\" class=\"elementor-element elementor-element-8fd7904 e-flex e-con-boxed e-con e-parent\" data-id=\"8fd7904\" data-element_type=\"container\" data-e-type=\"container\">\n\t\t\t\t\t<div class=\"e-con-inner\">\n\t\t\t\t<div class=\"elementor-element elementor-element-babc065 elementor-grid-4 elementor-grid-tablet-2 elementor-grid-mobile-1 elementor-widget elementor-widget-arc-portfolio\" data-id=\"babc065\" data-element_type=\"widget\" data-e-type=\"widget\" data-settings=\"{&quot;columns&quot;:&quot;4&quot;,&quot;item_ratio&quot;:{&quot;unit&quot;:&quot;px&quot;,&quot;size&quot;:&quot;&quot;,&quot;sizes&quot;:[]},&quot;row_gap&quot;:{&quot;unit&quot;:&quot;px&quot;,&quot;size&quot;:20,&quot;sizes&quot;:[]},&quot;columns_tablet&quot;:&quot;2&quot;,&quot;columns_mobile&quot;:&quot;1&quot;,&quot;item_gap&quot;:{&quot;unit&quot;:&quot;px&quot;,&quot;size&quot;:&quot;&quot;,&quot;sizes&quot;:[]}}\" data-widget_type=\"arc-portfolio.default\">\n\t\t\t\t<div class=\"elementor-widget-container\">\n\t\t\t\t\t<div class=\"arc-portfolio\">\t\t<div class=\"elementor-portfolio elementor-grid elementor-posts-container\" role=\"list\">\n\t\t\t\t<article class=\"elementor-portfolio-item elementor-post elementor-filter-5439 post-46173 fleet type-fleet status-publish has-post-thumbnail hentry fleet_type-sedan-fr\" role=\"listitem\">\n\t\t\t<a class=\"elementor-post__thumbnail__link\" href=\"https:\/\/www.adobecar.com\/fr\/flota\/location-mini-berlines-2\/\">\n\t\t\t\t<div class=\"elementor-portfolio-item__img elementor-post__thumbnail\">\n\t\t\t<img fetchpriority=\"high\" decoding=\"async\" width=\"300\" height=\"214\" src=\"https:\/\/www.adobecar.com\/wp-content\/uploads\/2019\/08\/n-4-300x214.jpg\" class=\"attachment-medium size-medium wp-image-45110\" alt=\"\" srcset=\"https:\/\/www.adobecar.com\/wp-content\/uploads\/2019\/08\/n-4-300x214.jpg 300w, https:\/\/www.adobecar.com\/wp-content\/uploads\/2019\/08\/n-4-150x107.jpg 150w, https:\/\/www.adobecar.com\/wp-content\/uploads\/2019\/08\/n-4.jpg 420w\" sizes=\"(max-width: 300px) 100vw, 300px\" \/>\t\t<\/div>\n\t\t\t\t<h2 class=\"elementor-portfolio-item__title\">\n\t\tLocation Mini Berlines\t\t<\/h2>\n\t\t                        <div class=\"elementor-portfolio-item__vehicle-grupo-arc\">\n                            CAT\u00e9GORIE T                        <\/div>\n                        \t\t<\/a>\n\t\t<\/article>\n\t\t\t\t<article class=\"elementor-portfolio-item elementor-post elementor-filter-5439 post-15591 fleet type-fleet status-publish has-post-thumbnail hentry fleet_type-sedan-fr\" role=\"listitem\">\n\t\t\t<a class=\"elementor-post__thumbnail__link\" href=\"https:\/\/www.adobecar.com\/fr\/flota\/location-mini-berlines\/\">\n\t\t\t\t<div class=\"elementor-portfolio-item__img elementor-post__thumbnail\">\n\t\t\t<img fetchpriority=\"high\" decoding=\"async\" width=\"300\" height=\"214\" src=\"https:\/\/www.adobecar.com\/wp-content\/uploads\/2019\/08\/n-4-300x214.jpg\" class=\"attachment-medium size-medium wp-image-45110\" alt=\"\" srcset=\"https:\/\/www.adobecar.com\/wp-content\/uploads\/2019\/08\/n-4-300x214.jpg 300w, https:\/\/www.adobecar.com\/wp-content\/uploads\/2019\/08\/n-4-150x107.jpg 150w, https:\/\/www.adobecar.com\/wp-content\/uploads\/2019\/08\/n-4.jpg 420w\" sizes=\"(max-width: 300px) 100vw, 300px\" \/>\t\t<\/div>\n\t\t\t\t<h2 class=\"elementor-portfolio-item__title\">\n\t\tLocation Mini Berlines\t\t<\/h2>\n\t\t                        <div class=\"elementor-portfolio-item__vehicle-grupo-arc\">\n                            CAT\u00e9GORIE N                        <\/div>\n                        \t\t<\/a>\n\t\t<\/article>\n\t\t\t\t<article class=\"elementor-portfolio-item elementor-post elementor-filter-5439 post-15633 fleet type-fleet status-publish has-post-thumbnail hentry fleet_type-sedan-fr\" role=\"listitem\">\n\t\t\t<a class=\"elementor-post__thumbnail__link\" href=\"https:\/\/www.adobecar.com\/fr\/flota\/louer-berline-economique\/\">\n\t\t\t\t<div class=\"elementor-portfolio-item__img elementor-post__thumbnail\">\n\t\t\t<img decoding=\"async\" width=\"300\" height=\"214\" src=\"https:\/\/www.adobecar.com\/wp-content\/uploads\/2019\/08\/w-3-300x214.jpg\" class=\"attachment-medium size-medium wp-image-23896\" alt=\"rentar sedan\" srcset=\"https:\/\/www.adobecar.com\/wp-content\/uploads\/2019\/08\/w-3-300x214.jpg 300w, https:\/\/www.adobecar.com\/wp-content\/uploads\/2019\/08\/w-3-400x284.jpg 400w, https:\/\/www.adobecar.com\/wp-content\/uploads\/2019\/08\/w-3-24x17.jpg 24w, https:\/\/www.adobecar.com\/wp-content\/uploads\/2019\/08\/w-3-36x26.jpg 36w, https:\/\/www.adobecar.com\/wp-content\/uploads\/2019\/08\/w-3-48x34.jpg 48w, https:\/\/www.adobecar.com\/wp-content\/uploads\/2019\/08\/w-3-150x107.jpg 150w, https:\/\/www.adobecar.com\/wp-content\/uploads\/2019\/08\/w-3.jpg 420w\" sizes=\"(max-width: 300px) 100vw, 300px\" \/>\t\t<\/div>\n\t\t\t\t<h2 class=\"elementor-portfolio-item__title\">\n\t\tLouer Berline \u00c9conomique\t\t<\/h2>\n\t\t                        <div class=\"elementor-portfolio-item__vehicle-grupo-arc\">\n                            CAT\u00e9GORIE W                        <\/div>\n                        \t\t<\/a>\n\t\t<\/article>\n\t\t\t\t<article class=\"elementor-portfolio-item elementor-post elementor-filter-5439 post-15641 fleet type-fleet status-publish has-post-thumbnail hentry fleet_type-sedan-fr\" role=\"listitem\">\n\t\t\t<a class=\"elementor-post__thumbnail__link\" href=\"https:\/\/www.adobecar.com\/fr\/flota\/louer-voiture-compacte\/\">\n\t\t\t\t<div class=\"elementor-portfolio-item__img elementor-post__thumbnail\">\n\t\t\t<img decoding=\"async\" width=\"300\" height=\"206\" src=\"https:\/\/www.adobecar.com\/wp-content\/uploads\/2019\/08\/K-Soluto-300x206.jpg\" class=\"attachment-medium size-medium wp-image-41250\" alt=\"\" srcset=\"https:\/\/www.adobecar.com\/wp-content\/uploads\/2019\/08\/K-Soluto-300x206.jpg 300w, https:\/\/www.adobecar.com\/wp-content\/uploads\/2019\/08\/K-Soluto-600x412.jpg 600w, https:\/\/www.adobecar.com\/wp-content\/uploads\/2019\/08\/K-Soluto-150x103.jpg 150w, https:\/\/www.adobecar.com\/wp-content\/uploads\/2019\/08\/K-Soluto.jpg 613w\" sizes=\"(max-width: 300px) 100vw, 300px\" \/>\t\t<\/div>\n\t\t\t\t<h2 class=\"elementor-portfolio-item__title\">\n\t\tLouer Voiture Compacte\t\t<\/h2>\n\t\t                        <div class=\"elementor-portfolio-item__vehicle-grupo-arc\">\n                            CAT\u00e9GORIE P                        <\/div>\n                        \t\t<\/a>\n\t\t<\/article>\n\t\t\t\t<article class=\"elementor-portfolio-item elementor-post elementor-filter-5439 post-15651 fleet type-fleet status-publish has-post-thumbnail hentry fleet_type-sedan-fr\" role=\"listitem\">\n\t\t\t<a class=\"elementor-post__thumbnail__link\" href=\"https:\/\/www.adobecar.com\/fr\/flota\/louer-une-voiture-compacte\/\">\n\t\t\t\t<div class=\"elementor-portfolio-item__img elementor-post__thumbnail\">\n\t\t\t<img decoding=\"async\" width=\"300\" height=\"206\" src=\"https:\/\/www.adobecar.com\/wp-content\/uploads\/2019\/08\/K-Soluto-300x206.jpg\" class=\"attachment-medium size-medium wp-image-41250\" alt=\"\" srcset=\"https:\/\/www.adobecar.com\/wp-content\/uploads\/2019\/08\/K-Soluto-300x206.jpg 300w, https:\/\/www.adobecar.com\/wp-content\/uploads\/2019\/08\/K-Soluto-600x412.jpg 600w, https:\/\/www.adobecar.com\/wp-content\/uploads\/2019\/08\/K-Soluto-150x103.jpg 150w, https:\/\/www.adobecar.com\/wp-content\/uploads\/2019\/08\/K-Soluto.jpg 613w\" sizes=\"(max-width: 300px) 100vw, 300px\" \/>\t\t<\/div>\n\t\t\t\t<h2 class=\"elementor-portfolio-item__title\">\n\t\tLouer une voiture compacte\t\t<\/h2>\n\t\t                        <div class=\"elementor-portfolio-item__vehicle-grupo-arc\">\n                            CAT\u00e9GORIE I                        <\/div>\n                        \t\t<\/a>\n\t\t<\/article>\n\t\t\t\t<article class=\"elementor-portfolio-item elementor-post elementor-filter-5439 post-15658 fleet type-fleet status-publish has-post-thumbnail hentry fleet_type-sedan-fr\" role=\"listitem\">\n\t\t\t<a class=\"elementor-post__thumbnail__link\" href=\"https:\/\/www.adobecar.com\/fr\/flota\/berline-intermediaire\/\">\n\t\t\t\t<div class=\"elementor-portfolio-item__img elementor-post__thumbnail\">\n\t\t\t<img loading=\"lazy\" decoding=\"async\" width=\"300\" height=\"214\" src=\"https:\/\/www.adobecar.com\/wp-content\/uploads\/2019\/08\/D-AS-300x214.jpg\" class=\"attachment-medium size-medium wp-image-41255\" alt=\"\" srcset=\"https:\/\/www.adobecar.com\/wp-content\/uploads\/2019\/08\/D-AS-300x214.jpg 300w, https:\/\/www.adobecar.com\/wp-content\/uploads\/2019\/08\/D-AS-150x107.jpg 150w, https:\/\/www.adobecar.com\/wp-content\/uploads\/2019\/08\/D-AS.jpg 420w\" sizes=\"(max-width: 300px) 100vw, 300px\" \/>\t\t<\/div>\n\t\t\t\t<h2 class=\"elementor-portfolio-item__title\">\n\t\tBerline interm\u00e9diaire\t\t<\/h2>\n\t\t                        <div class=\"elementor-portfolio-item__vehicle-grupo-arc\">\n                            CAT\u00e9GORIE D                        <\/div>\n                        \t\t<\/a>\n\t\t<\/article>\n\t\t\t\t<article class=\"elementor-portfolio-item elementor-post elementor-filter-5440 post-17033 fleet type-fleet status-publish has-post-thumbnail hentry fleet_type-suv-fr\" role=\"listitem\">\n\t\t\t<a class=\"elementor-post__thumbnail__link\" href=\"https:\/\/www.adobecar.com\/fr\/flota\/louer-suv-economique\/\">\n\t\t\t\t<div class=\"elementor-portfolio-item__img elementor-post__thumbnail\">\n\t\t\t<img loading=\"lazy\" decoding=\"async\" width=\"300\" height=\"214\" src=\"https:\/\/www.adobecar.com\/wp-content\/uploads\/2019\/08\/q-300x214.jpg\" class=\"attachment-medium size-medium wp-image-45104\" alt=\"\" srcset=\"https:\/\/www.adobecar.com\/wp-content\/uploads\/2019\/08\/q-300x214.jpg 300w, https:\/\/www.adobecar.com\/wp-content\/uploads\/2019\/08\/q-150x107.jpg 150w, https:\/\/www.adobecar.com\/wp-content\/uploads\/2019\/08\/q.jpg 421w\" sizes=\"(max-width: 300px) 100vw, 300px\" \/>\t\t<\/div>\n\t\t\t\t<h2 class=\"elementor-portfolio-item__title\">\n\t\tLouer un SUV \u00e9conomique\t\t<\/h2>\n\t\t                        <div class=\"elementor-portfolio-item__vehicle-grupo-arc\">\n                            CAT\u00e9GORIE Q                        <\/div>\n                        \t\t<\/a>\n\t\t<\/article>\n\t\t\t\t<article class=\"elementor-portfolio-item elementor-post elementor-filter-5440 post-15682 fleet type-fleet status-publish has-post-thumbnail hentry fleet_type-suv-fr\" role=\"listitem\">\n\t\t\t<a class=\"elementor-post__thumbnail__link\" href=\"https:\/\/www.adobecar.com\/fr\/flota\/louer-une-fourgonnette-suv-intermediaire\/\">\n\t\t\t\t<div class=\"elementor-portfolio-item__img elementor-post__thumbnail\">\n\t\t\t<img loading=\"lazy\" decoding=\"async\" width=\"300\" height=\"214\" src=\"https:\/\/www.adobecar.com\/wp-content\/uploads\/2019\/08\/r-2-300x214.jpg\" class=\"attachment-medium size-medium wp-image-23930\" alt=\"rentar camioneta SUV intermedia\" srcset=\"https:\/\/www.adobecar.com\/wp-content\/uploads\/2019\/08\/r-2-300x214.jpg 300w, https:\/\/www.adobecar.com\/wp-content\/uploads\/2019\/08\/r-2-400x284.jpg 400w, https:\/\/www.adobecar.com\/wp-content\/uploads\/2019\/08\/r-2-24x17.jpg 24w, https:\/\/www.adobecar.com\/wp-content\/uploads\/2019\/08\/r-2-36x26.jpg 36w, https:\/\/www.adobecar.com\/wp-content\/uploads\/2019\/08\/r-2-48x34.jpg 48w, https:\/\/www.adobecar.com\/wp-content\/uploads\/2019\/08\/r-2-150x107.jpg 150w, https:\/\/www.adobecar.com\/wp-content\/uploads\/2019\/08\/r-2.jpg 420w\" sizes=\"(max-width: 300px) 100vw, 300px\" \/>\t\t<\/div>\n\t\t\t\t<h2 class=\"elementor-portfolio-item__title\">\n\t\tLouer une fourgonnette SUV Interm\u00e9diaire\t\t<\/h2>\n\t\t                        <div class=\"elementor-portfolio-item__vehicle-grupo-arc\">\n                            CAT\u00e9GORIE A                        <\/div>\n                        \t\t<\/a>\n\t\t<\/article>\n\t\t\t\t<article class=\"elementor-portfolio-item elementor-post elementor-filter-5440 post-27402 fleet type-fleet status-publish has-post-thumbnail hentry fleet_type-suv-fr\" role=\"listitem\">\n\t\t\t<a class=\"elementor-post__thumbnail__link\" href=\"https:\/\/www.adobecar.com\/fr\/flota\/louer-une-fourgonnette-suv-intermediaire-2\/\">\n\t\t\t\t<div class=\"elementor-portfolio-item__img elementor-post__thumbnail\">\n\t\t\t<img loading=\"lazy\" decoding=\"async\" width=\"300\" height=\"214\" src=\"https:\/\/www.adobecar.com\/wp-content\/uploads\/2019\/08\/r-3-300x214.jpg\" class=\"attachment-medium size-medium wp-image-38875\" alt=\"\" srcset=\"https:\/\/www.adobecar.com\/wp-content\/uploads\/2019\/08\/r-3-300x214.jpg 300w, https:\/\/www.adobecar.com\/wp-content\/uploads\/2019\/08\/r-3-150x107.jpg 150w, https:\/\/www.adobecar.com\/wp-content\/uploads\/2019\/08\/r-3.jpg 420w\" sizes=\"(max-width: 300px) 100vw, 300px\" \/>\t\t<\/div>\n\t\t\t\t<h2 class=\"elementor-portfolio-item__title\">\n\t\tLouer une fourgonnette SUV Interm\u00e9diaire\t\t<\/h2>\n\t\t                        <div class=\"elementor-portfolio-item__vehicle-grupo-arc\">\n                            CAT\u00e9GORIE R                        <\/div>\n                        \t\t<\/a>\n\t\t<\/article>\n\t\t\t\t<article class=\"elementor-portfolio-item elementor-post elementor-filter-5513 post-44107 fleet type-fleet status-publish has-post-thumbnail hentry fleet_type-suv-en-fr\" role=\"listitem\">\n\t\t\t<a class=\"elementor-post__thumbnail__link\" href=\"https:\/\/www.adobecar.com\/fr\/flota\/suv-economy-rental\/\">\n\t\t\t\t<div class=\"elementor-portfolio-item__img elementor-post__thumbnail\">\n\t\t\t<img loading=\"lazy\" decoding=\"async\" width=\"300\" height=\"214\" src=\"https:\/\/www.adobecar.com\/wp-content\/uploads\/2019\/08\/v-300x214.jpg\" class=\"attachment-medium size-medium wp-image-45107\" alt=\"\" srcset=\"https:\/\/www.adobecar.com\/wp-content\/uploads\/2019\/08\/v-300x214.jpg 300w, https:\/\/www.adobecar.com\/wp-content\/uploads\/2019\/08\/v-150x107.jpg 150w, https:\/\/www.adobecar.com\/wp-content\/uploads\/2019\/08\/v.jpg 421w\" sizes=\"(max-width: 300px) 100vw, 300px\" \/>\t\t<\/div>\n\t\t\t\t<h2 class=\"elementor-portfolio-item__title\">\n\t\tLouez un SUV standard\t\t<\/h2>\n\t\t                        <div class=\"elementor-portfolio-item__vehicle-grupo-arc\">\n                            CAT\u00e9GORIE V                        <\/div>\n                        \t\t<\/a>\n\t\t<\/article>\n\t\t\t\t<article class=\"elementor-portfolio-item elementor-post elementor-filter-5440 post-43137 fleet type-fleet status-publish has-post-thumbnail hentry fleet_type-suv-fr\" role=\"listitem\">\n\t\t\t<a class=\"elementor-post__thumbnail__link\" href=\"https:\/\/www.adobecar.com\/fr\/flota\/louer-une-fourgonnette-suv-intermediaire-3\/\">\n\t\t\t\t<div class=\"elementor-portfolio-item__img elementor-post__thumbnail\">\n\t\t\t<img loading=\"lazy\" decoding=\"async\" width=\"300\" height=\"214\" src=\"https:\/\/www.adobecar.com\/wp-content\/uploads\/2025\/07\/l-300x214.jpg\" class=\"attachment-medium size-medium wp-image-43121\" alt=\"\" srcset=\"https:\/\/www.adobecar.com\/wp-content\/uploads\/2025\/07\/l-300x214.jpg 300w, https:\/\/www.adobecar.com\/wp-content\/uploads\/2025\/07\/l-150x107.jpg 150w, https:\/\/www.adobecar.com\/wp-content\/uploads\/2025\/07\/l.jpg 420w\" sizes=\"(max-width: 300px) 100vw, 300px\" \/>\t\t<\/div>\n\t\t\t\t<h2 class=\"elementor-portfolio-item__title\">\n\t\tLouer une fourgonnette SUV Interm\u00e9diaire\t\t<\/h2>\n\t\t                        <div class=\"elementor-portfolio-item__vehicle-grupo-arc\">\n                            CAT\u00e9GORIE L                        <\/div>\n                        \t\t<\/a>\n\t\t<\/article>\n\t\t\t\t<article class=\"elementor-portfolio-item elementor-post elementor-filter-5440 post-15692 fleet type-fleet status-publish has-post-thumbnail hentry fleet_type-suv-fr\" role=\"listitem\">\n\t\t\t<a class=\"elementor-post__thumbnail__link\" href=\"https:\/\/www.adobecar.com\/fr\/flota\/location-de-suv-compact-tm\/\">\n\t\t\t\t<div class=\"elementor-portfolio-item__img elementor-post__thumbnail\">\n\t\t\t<img loading=\"lazy\" decoding=\"async\" width=\"300\" height=\"214\" src=\"https:\/\/www.adobecar.com\/wp-content\/uploads\/2019\/08\/l-1-300x214.jpg\" class=\"attachment-medium size-medium wp-image-23935\" alt=\"SUV car rental\" srcset=\"https:\/\/www.adobecar.com\/wp-content\/uploads\/2019\/08\/l-1-300x214.jpg 300w, https:\/\/www.adobecar.com\/wp-content\/uploads\/2019\/08\/l-1-400x284.jpg 400w, https:\/\/www.adobecar.com\/wp-content\/uploads\/2019\/08\/l-1-24x17.jpg 24w, https:\/\/www.adobecar.com\/wp-content\/uploads\/2019\/08\/l-1-36x26.jpg 36w, https:\/\/www.adobecar.com\/wp-content\/uploads\/2019\/08\/l-1-48x34.jpg 48w, https:\/\/www.adobecar.com\/wp-content\/uploads\/2019\/08\/l-1-150x107.jpg 150w, https:\/\/www.adobecar.com\/wp-content\/uploads\/2019\/08\/l-1.jpg 420w\" sizes=\"(max-width: 300px) 100vw, 300px\" \/>\t\t<\/div>\n\t\t\t\t<h2 class=\"elementor-portfolio-item__title\">\n\t\tLouez un VUS compact MC\t\t<\/h2>\n\t\t                        <div class=\"elementor-portfolio-item__vehicle-grupo-arc\">\n                            CAT\u00e9GORIE B                        <\/div>\n                        \t\t<\/a>\n\t\t<\/article>\n\t\t\t\t<article class=\"elementor-portfolio-item elementor-post elementor-filter-5440 post-15708 fleet type-fleet status-publish has-post-thumbnail hentry fleet_type-suv-fr\" role=\"listitem\">\n\t\t\t<a class=\"elementor-post__thumbnail__link\" href=\"https:\/\/www.adobecar.com\/fr\/flota\/location-de-camionnettes-suv-mediana-ta\/\">\n\t\t\t\t<div class=\"elementor-portfolio-item__img elementor-post__thumbnail\">\n\t\t\t<img loading=\"lazy\" decoding=\"async\" width=\"300\" height=\"214\" src=\"https:\/\/www.adobecar.com\/wp-content\/uploads\/2024\/07\/r-kona-2-300x214.jpg\" class=\"attachment-medium size-medium wp-image-38628\" alt=\"\" srcset=\"https:\/\/www.adobecar.com\/wp-content\/uploads\/2024\/07\/r-kona-2-300x214.jpg 300w, https:\/\/www.adobecar.com\/wp-content\/uploads\/2024\/07\/r-kona-2-150x107.jpg 150w, https:\/\/www.adobecar.com\/wp-content\/uploads\/2024\/07\/r-kona-2.jpg 420w\" sizes=\"(max-width: 300px) 100vw, 300px\" \/>\t\t<\/div>\n\t\t\t\t<h2 class=\"elementor-portfolio-item__title\">\n\t\tLocation de camionnettes SUV Mediana TA\t\t<\/h2>\n\t\t                        <div class=\"elementor-portfolio-item__vehicle-grupo-arc\">\n                            CAT\u00e9GORIE F                        <\/div>\n                        \t\t<\/a>\n\t\t<\/article>\n\t\t\t\t<article class=\"elementor-portfolio-item elementor-post elementor-filter-5440 post-15715 fleet type-fleet status-publish has-post-thumbnail hentry fleet_type-suv-fr\" role=\"listitem\">\n\t\t\t<a class=\"elementor-post__thumbnail__link\" href=\"https:\/\/www.adobecar.com\/fr\/flota\/location-de-fourgonnettes-suv-standard-ta\/\">\n\t\t\t\t<div class=\"elementor-portfolio-item__img elementor-post__thumbnail\">\n\t\t\t<img loading=\"lazy\" decoding=\"async\" width=\"300\" height=\"214\" src=\"https:\/\/www.adobecar.com\/wp-content\/uploads\/2019\/08\/h-2-300x214.jpg\" class=\"attachment-medium size-medium wp-image-23953\" alt=\"rentar camioneta SUV estandar\" srcset=\"https:\/\/www.adobecar.com\/wp-content\/uploads\/2019\/08\/h-2-300x214.jpg 300w, https:\/\/www.adobecar.com\/wp-content\/uploads\/2019\/08\/h-2-400x284.jpg 400w, https:\/\/www.adobecar.com\/wp-content\/uploads\/2019\/08\/h-2-24x17.jpg 24w, https:\/\/www.adobecar.com\/wp-content\/uploads\/2019\/08\/h-2-36x26.jpg 36w, https:\/\/www.adobecar.com\/wp-content\/uploads\/2019\/08\/h-2-48x34.jpg 48w, https:\/\/www.adobecar.com\/wp-content\/uploads\/2019\/08\/h-2-150x107.jpg 150w, https:\/\/www.adobecar.com\/wp-content\/uploads\/2019\/08\/h-2.jpg 420w\" sizes=\"(max-width: 300px) 100vw, 300px\" \/>\t\t<\/div>\n\t\t\t\t<h2 class=\"elementor-portfolio-item__title\">\n\t\tLocation de fourgonnettes SUV standard TA\t\t<\/h2>\n\t\t                        <div class=\"elementor-portfolio-item__vehicle-grupo-arc\">\n                            CAT\u00e9GORIE H                        <\/div>\n                        \t\t<\/a>\n\t\t<\/article>\n\t\t\t\t<article class=\"elementor-portfolio-item elementor-post elementor-filter-5513 post-37162 fleet type-fleet status-publish has-post-thumbnail hentry fleet_type-suv-en-fr\" role=\"listitem\">\n\t\t\t<a class=\"elementor-post__thumbnail__link\" href=\"https:\/\/www.adobecar.com\/fr\/flota\/midsize-suv-ta\/\">\n\t\t\t\t<div class=\"elementor-portfolio-item__img elementor-post__thumbnail\">\n\t\t\t<img loading=\"lazy\" decoding=\"async\" width=\"300\" height=\"214\" src=\"https:\/\/www.adobecar.com\/wp-content\/uploads\/2019\/08\/j-24-300x214.jpg\" class=\"attachment-medium size-medium wp-image-39726\" alt=\"\" srcset=\"https:\/\/www.adobecar.com\/wp-content\/uploads\/2019\/08\/j-24-300x214.jpg 300w, https:\/\/www.adobecar.com\/wp-content\/uploads\/2019\/08\/j-24-150x107.jpg 150w, https:\/\/www.adobecar.com\/wp-content\/uploads\/2019\/08\/j-24.jpg 420w\" sizes=\"(max-width: 300px) 100vw, 300px\" \/>\t\t<\/div>\n\t\t\t\t<h2 class=\"elementor-portfolio-item__title\">\n\t\tLe SUV Full Size\t\t<\/h2>\n\t\t                        <div class=\"elementor-portfolio-item__vehicle-grupo-arc\">\n                            CAT\u00e9GORIE J                        <\/div>\n                        \t\t<\/a>\n\t\t<\/article>\n\t\t\t\t<article class=\"elementor-portfolio-item elementor-post elementor-filter-5440 post-15729 fleet type-fleet status-publish has-post-thumbnail hentry fleet_type-suv-fr\" role=\"listitem\">\n\t\t\t<a class=\"elementor-post__thumbnail__link\" href=\"https:\/\/www.adobecar.com\/fr\/flota\/location-de-suv-premium\/\">\n\t\t\t\t<div class=\"elementor-portfolio-item__img elementor-post__thumbnail\">\n\t\t\t<img loading=\"lazy\" decoding=\"async\" width=\"300\" height=\"214\" src=\"https:\/\/www.adobecar.com\/wp-content\/uploads\/2019\/08\/G-Ford-Explorer-4WD-AT-300x214.jpg\" class=\"attachment-medium size-medium wp-image-29773\" alt=\"\" srcset=\"https:\/\/www.adobecar.com\/wp-content\/uploads\/2019\/08\/G-Ford-Explorer-4WD-AT-300x214.jpg 300w, https:\/\/www.adobecar.com\/wp-content\/uploads\/2019\/08\/G-Ford-Explorer-4WD-AT-400x284.jpg 400w, https:\/\/www.adobecar.com\/wp-content\/uploads\/2019\/08\/G-Ford-Explorer-4WD-AT-150x107.jpg 150w, https:\/\/www.adobecar.com\/wp-content\/uploads\/2019\/08\/G-Ford-Explorer-4WD-AT.jpg 420w\" sizes=\"(max-width: 300px) 100vw, 300px\" \/>\t\t<\/div>\n\t\t\t\t<h2 class=\"elementor-portfolio-item__title\">\n\t\tLocation de SUV Premium\t\t<\/h2>\n\t\t                        <div class=\"elementor-portfolio-item__vehicle-grupo-arc\">\n                            CAT\u00e9GORIE O                        <\/div>\n                        \t\t<\/a>\n\t\t<\/article>\n\t\t\t\t<article class=\"elementor-portfolio-item elementor-post elementor-filter-5440 post-15722 fleet type-fleet status-publish has-post-thumbnail hentry fleet_type-suv-fr\" role=\"listitem\">\n\t\t\t<a class=\"elementor-post__thumbnail__link\" href=\"https:\/\/www.adobecar.com\/fr\/flota\/louer-des-suv-pleine-grandeur\/\">\n\t\t\t\t<div class=\"elementor-portfolio-item__img elementor-post__thumbnail\">\n\t\t\t<img loading=\"lazy\" decoding=\"async\" width=\"300\" height=\"214\" src=\"https:\/\/www.adobecar.com\/wp-content\/uploads\/2019\/08\/g-3-300x214.jpg\" class=\"attachment-medium size-medium wp-image-41284\" alt=\"\" srcset=\"https:\/\/www.adobecar.com\/wp-content\/uploads\/2019\/08\/g-3-300x214.jpg 300w, https:\/\/www.adobecar.com\/wp-content\/uploads\/2019\/08\/g-3-150x107.jpg 150w, https:\/\/www.adobecar.com\/wp-content\/uploads\/2019\/08\/g-3.jpg 420w\" sizes=\"(max-width: 300px) 100vw, 300px\" \/>\t\t<\/div>\n\t\t\t\t<h2 class=\"elementor-portfolio-item__title\">\n\t\tLouer DES SUV pleine grandeur\t\t<\/h2>\n\t\t                        <div class=\"elementor-portfolio-item__vehicle-grupo-arc\">\n                            CAT\u00e9GORIE G                        <\/div>\n                        \t\t<\/a>\n\t\t<\/article>\n\t\t\t\t<article class=\"elementor-portfolio-item elementor-post elementor-filter-5441 post-15736 fleet type-fleet status-publish has-post-thumbnail hentry fleet_type-multi-passagers-et-cargo\" role=\"listitem\">\n\t\t\t<a class=\"elementor-post__thumbnail__link\" href=\"https:\/\/www.adobecar.com\/fr\/flota\/louer-minivan-at\/\">\n\t\t\t\t<div class=\"elementor-portfolio-item__img elementor-post__thumbnail\">\n\t\t\t<img loading=\"lazy\" decoding=\"async\" width=\"300\" height=\"214\" src=\"https:\/\/www.adobecar.com\/wp-content\/uploads\/2022\/07\/e-3-1-300x214.jpg\" class=\"attachment-medium size-medium wp-image-25640\" alt=\"full-size-suv-gelandewagen-mieten\" srcset=\"https:\/\/www.adobecar.com\/wp-content\/uploads\/2022\/07\/e-3-1-300x214.jpg 300w, https:\/\/www.adobecar.com\/wp-content\/uploads\/2022\/07\/e-3-1-400x284.jpg 400w, https:\/\/www.adobecar.com\/wp-content\/uploads\/2022\/07\/e-3-1-24x17.jpg 24w, https:\/\/www.adobecar.com\/wp-content\/uploads\/2022\/07\/e-3-1-36x26.jpg 36w, https:\/\/www.adobecar.com\/wp-content\/uploads\/2022\/07\/e-3-1-48x34.jpg 48w, https:\/\/www.adobecar.com\/wp-content\/uploads\/2022\/07\/e-3-1-150x107.jpg 150w, https:\/\/www.adobecar.com\/wp-content\/uploads\/2022\/07\/e-3-1.jpg 420w\" sizes=\"(max-width: 300px) 100vw, 300px\" \/>\t\t<\/div>\n\t\t\t\t<h2 class=\"elementor-portfolio-item__title\">\n\t\tLouer Minivan AT\t\t<\/h2>\n\t\t                        <div class=\"elementor-portfolio-item__vehicle-grupo-arc\">\n                            CAT\u00e9GORIE E                        <\/div>\n                        \t\t<\/a>\n\t\t<\/article>\n\t\t\t\t<article class=\"elementor-portfolio-item elementor-post  post-46852 fleet type-fleet status-publish has-post-thumbnail hentry\" role=\"listitem\">\n\t\t\t<a class=\"elementor-post__thumbnail__link\" href=\"https:\/\/www.adobecar.com\/fr\/flota\/camionnette-4x4\/\">\n\t\t\t\t<div class=\"elementor-portfolio-item__img elementor-post__thumbnail\">\n\t\t\t<img loading=\"lazy\" decoding=\"async\" width=\"300\" height=\"214\" src=\"https:\/\/www.adobecar.com\/wp-content\/uploads\/2026\/04\/s.jpg-300x214.jpeg\" class=\"attachment-medium size-medium wp-image-46831\" alt=\"\" srcset=\"https:\/\/www.adobecar.com\/wp-content\/uploads\/2026\/04\/s.jpg-300x214.jpeg 300w, https:\/\/www.adobecar.com\/wp-content\/uploads\/2026\/04\/s.jpg-150x107.jpeg 150w, https:\/\/www.adobecar.com\/wp-content\/uploads\/2026\/04\/s.jpg.jpeg 420w\" sizes=\"(max-width: 300px) 100vw, 300px\" \/>\t\t<\/div>\n\t\t\t\t<h2 class=\"elementor-portfolio-item__title\">\n\t\tCamionnette 4&#215;4\t\t<\/h2>\n\t\t                        <div class=\"elementor-portfolio-item__vehicle-grupo-arc\">\n                            CAT\u00e9GORIE S                        <\/div>\n                        \t\t<\/a>\n\t\t<\/article>\n\t\t\t\t<article class=\"elementor-portfolio-item elementor-post elementor-filter-5441 post-15744 fleet type-fleet status-publish has-post-thumbnail hentry fleet_type-multi-passagers-et-cargo\" role=\"listitem\">\n\t\t\t<a class=\"elementor-post__thumbnail__link\" href=\"https:\/\/www.adobecar.com\/fr\/flota\/location-du-pickup-4x4\/\">\n\t\t\t\t<div class=\"elementor-portfolio-item__img elementor-post__thumbnail\">\n\t\t\t<img loading=\"lazy\" decoding=\"async\" width=\"300\" height=\"214\" src=\"https:\/\/www.adobecar.com\/wp-content\/uploads\/2019\/08\/dmax-1-300x214.jpg\" class=\"attachment-medium size-medium wp-image-40557\" alt=\"\" srcset=\"https:\/\/www.adobecar.com\/wp-content\/uploads\/2019\/08\/dmax-1-300x214.jpg 300w, https:\/\/www.adobecar.com\/wp-content\/uploads\/2019\/08\/dmax-1-150x107.jpg 150w, https:\/\/www.adobecar.com\/wp-content\/uploads\/2019\/08\/dmax-1.jpg 420w\" sizes=\"(max-width: 300px) 100vw, 300px\" \/>\t\t<\/div>\n\t\t\t\t<h2 class=\"elementor-portfolio-item__title\">\n\t\tLocation du Pickup 4\u00d74\t\t<\/h2>\n\t\t                        <div class=\"elementor-portfolio-item__vehicle-grupo-arc\">\n                            CAT\u00e9GORIE K                        <\/div>\n                        \t\t<\/a>\n\t\t<\/article>\n\t\t\t\t<article class=\"elementor-portfolio-item elementor-post elementor-filter-5441 post-15751 fleet type-fleet status-publish has-post-thumbnail hentry fleet_type-multi-passagers-et-cargo\" role=\"listitem\">\n\t\t\t<a class=\"elementor-post__thumbnail__link\" href=\"https:\/\/www.adobecar.com\/fr\/flota\/location-de-vannettes-pour-transporter-de-la-charge\/\">\n\t\t\t\t<div class=\"elementor-portfolio-item__img elementor-post__thumbnail\">\n\t\t\t<img loading=\"lazy\" decoding=\"async\" width=\"300\" height=\"214\" src=\"https:\/\/www.adobecar.com\/wp-content\/uploads\/2019\/08\/panel-arc-300x214.jpg\" class=\"attachment-medium size-medium wp-image-40561\" alt=\"\" srcset=\"https:\/\/www.adobecar.com\/wp-content\/uploads\/2019\/08\/panel-arc-300x214.jpg 300w, https:\/\/www.adobecar.com\/wp-content\/uploads\/2019\/08\/panel-arc-150x107.jpg 150w, https:\/\/www.adobecar.com\/wp-content\/uploads\/2019\/08\/panel-arc.jpg 420w\" sizes=\"(max-width: 300px) 100vw, 300px\" \/>\t\t<\/div>\n\t\t\t\t<h2 class=\"elementor-portfolio-item__title\">\n\t\tLocation De Vannettes Pour Transporter De La Charge\t\t<\/h2>\n\t\t                        <div class=\"elementor-portfolio-item__vehicle-grupo-arc\">\n                            CAT\u00e9GORIE C                        <\/div>\n                        \t\t<\/a>\n\t\t<\/article>\n\t\t\t\t<\/div>\n\t\t<\/div>\t\t\t\t<\/div>\n\t\t\t\t<\/div>\n\t\t\t\t\t<\/div>\n\t\t\t\t<\/div>\n\t\t\t\t<\/div>\n\t\t\t\t<\/div>\n\t\t\t\t\t\t<\/div>\n\t\t\t\t<\/div>\n\t\t\t\t\t<\/div>\n\t\t\t\t<\/div>\n\t\t<div data-particle_enable=\"false\" data-particle-mobile-disabled=\"false\" class=\"elementor-element elementor-element-ba0e37c e-flex e-con-boxed e-con e-parent\" data-id=\"ba0e37c\" data-element_type=\"container\" data-e-type=\"container\">\n\t\t\t\t\t<div class=\"e-con-inner\">\n\t\t\t\t<div class=\"elementor-element elementor-element-ceef89e elementor-grid-3 elementor-grid-tablet-2 elementor-grid-mobile-1 elementor-posts--thumbnail-top elementor-widget elementor-widget-global elementor-global-33919 elementor-widget-posts\" data-id=\"ceef89e\" data-element_type=\"widget\" data-e-type=\"widget\" data-settings=\"{&quot;classic_columns&quot;:&quot;3&quot;,&quot;classic_columns_tablet&quot;:&quot;2&quot;,&quot;classic_columns_mobile&quot;:&quot;1&quot;,&quot;classic_row_gap&quot;:{&quot;unit&quot;:&quot;px&quot;,&quot;size&quot;:35,&quot;sizes&quot;:[]},&quot;classic_row_gap_tablet&quot;:{&quot;unit&quot;:&quot;px&quot;,&quot;size&quot;:&quot;&quot;,&quot;sizes&quot;:[]},&quot;classic_row_gap_mobile&quot;:{&quot;unit&quot;:&quot;px&quot;,&quot;size&quot;:&quot;&quot;,&quot;sizes&quot;:[]}}\" data-widget_type=\"posts.classic\">\n\t\t\t\t<div class=\"elementor-widget-container\">\n\t\t\t\t\t\t\t<div class=\"elementor-posts-container elementor-posts elementor-posts--skin-classic elementor-grid\" role=\"list\">\n\t\t\t\t<article class=\"elementor-post elementor-grid-item post-46745 post type-post status-publish format-standard has-post-thumbnail hentry category-non-classifiee category-conseils\" role=\"listitem\">\n\t\t\t\t<a class=\"elementor-post__thumbnail__link\" href=\"https:\/\/www.adobecar.com\/fr\/non-classifiee\/conseils-essentiels-pour-touristes-complet\/\" tabindex=\"-1\" >\n\t\t\t<div class=\"elementor-post__thumbnail\"><img loading=\"lazy\" decoding=\"async\" width=\"420\" height=\"300\" src=\"https:\/\/www.adobecar.com\/wp-content\/uploads\/2025\/09\/side-view-smiley-businesswoman-putting-seat-belt-car-420x300.jpg\" class=\"attachment-baum-medium size-baum-medium wp-image-43757\" alt=\"Mujer sonriendo mientras se coloca el cintur\u00f3n de seguridad en el coche\" \/><\/div>\n\t\t<\/a>\n\t\t\t\t<div class=\"elementor-post__text\">\n\t\t\t\t<h3 class=\"elementor-post__title\">\n\t\t\t<a href=\"https:\/\/www.adobecar.com\/fr\/non-classifiee\/conseils-essentiels-pour-touristes-complet\/\" >\n\t\t\t\tConduire au Costa Rica : conseils essentiels pour les touristes (guide complet)\t\t\t<\/a>\n\t\t<\/h3>\n\t\t\t\t<div class=\"elementor-post__excerpt\">\n\t\t\t<p>Si vous pr\u00e9parez votre voyage et souhaitez voyager au Costa Rica en toute libert\u00e9, conduire une voiture est l\u2019une des meilleures solutions. Entre volcans, for\u00eats tropicales, plages sauvages et villages authentiques, les paysages changent rapidement et certaines destinations sont difficiles d\u2019acc\u00e8s sans v\u00e9hicule. Dans ce guide complet pour conduire au<\/p>\n\t\t<\/div>\n\t\t\t\t<\/div>\n\t\t\t\t<\/article>\n\t\t\t\t<article class=\"elementor-post elementor-grid-item post-46743 post type-post status-publish format-standard has-post-thumbnail hentry category-services\" role=\"listitem\">\n\t\t\t\t<a class=\"elementor-post__thumbnail__link\" href=\"https:\/\/www.adobecar.com\/fr\/services\/location-voiture-laeroport-guide-complet\/\" tabindex=\"-1\" >\n\t\t\t<div class=\"elementor-post__thumbnail\"><img loading=\"lazy\" decoding=\"async\" width=\"420\" height=\"280\" src=\"https:\/\/www.adobecar.com\/wp-content\/uploads\/2019\/08\/San-Jose-Airport-Costa-Rica.jpg\" class=\"attachment-baum-medium size-baum-medium wp-image-19648\" alt=\"\" srcset=\"https:\/\/www.adobecar.com\/wp-content\/uploads\/2019\/08\/San-Jose-Airport-Costa-Rica.jpg 720w, https:\/\/www.adobecar.com\/wp-content\/uploads\/2019\/08\/San-Jose-Airport-Costa-Rica-600x400.jpg 600w, https:\/\/www.adobecar.com\/wp-content\/uploads\/2019\/08\/San-Jose-Airport-Costa-Rica-300x200.jpg 300w\" sizes=\"(max-width: 420px) 100vw, 420px\" \/><\/div>\n\t\t<\/a>\n\t\t\t\t<div class=\"elementor-post__text\">\n\t\t\t\t<h3 class=\"elementor-post__title\">\n\t\t\t<a href=\"https:\/\/www.adobecar.com\/fr\/services\/location-voiture-laeroport-guide-complet\/\" >\n\t\t\t\tLocation de voiture \u00e0 l\u2019a\u00e9roport de San Jos\u00e9 : guide complet\t\t\t<\/a>\n\t\t<\/h3>\n\t\t\t\t<div class=\"elementor-post__excerpt\">\n\t\t\t<p>Arriver au Costa Rica est toujours un moment excitant. Entre les plages paradisiaques, les volcans spectaculaires, les for\u00eats tropicales et les petits villages authentiques, le pays promet une aventure inoubliable. Pour profiter pleinement de votre s\u00e9jour, la location de voiture \u00e0 l\u2019a\u00e9roport de San Jos\u00e9 Costa Rica est l\u2019une des<\/p>\n\t\t<\/div>\n\t\t\t\t<\/div>\n\t\t\t\t<\/article>\n\t\t\t\t<article class=\"elementor-post elementor-grid-item post-46206 post type-post status-publish format-standard has-post-thumbnail hentry category-conseils\" role=\"listitem\">\n\t\t\t\t<a class=\"elementor-post__thumbnail__link\" href=\"https:\/\/www.adobecar.com\/fr\/conseils\/nomade-numerique-costa-rica\/\" tabindex=\"-1\" >\n\t\t\t<div class=\"elementor-post__thumbnail\"><img loading=\"lazy\" decoding=\"async\" width=\"420\" height=\"300\" src=\"https:\/\/www.adobecar.com\/wp-content\/uploads\/2024\/09\/La-practicidad-de-rentar-420x300.jpg\" class=\"attachment-baum-medium size-baum-medium wp-image-39798\" alt=\"\" \/><\/div>\n\t\t<\/a>\n\t\t\t\t<div class=\"elementor-post__text\">\n\t\t\t\t<h3 class=\"elementor-post__title\">\n\t\t\t<a href=\"https:\/\/www.adobecar.com\/fr\/conseils\/nomade-numerique-costa-rica\/\" >\n\t\t\t\tNomade num\u00e9rique au Costa Rica : travailler au paradis tout en explorant le pays\t\t\t<\/a>\n\t\t<\/h3>\n\t\t\t\t<div class=\"elementor-post__excerpt\">\n\t\t\t<p>Le Costa Rica est devenu ces derni\u00e8res ann\u00e9es l\u2019une des destinations favorites des nomades num\u00e9riques. Entre plages sauvages, for\u00eats tropicales luxuriantes, caf\u00e9s de sp\u00e9cialit\u00e9 et connexion internet de plus en plus fiable, le pays offre un cadre id\u00e9al pour travailler \u00e0 distance tout en profitant d\u2019un style de vie tropical.<\/p>\n\t\t<\/div>\n\t\t\t\t<\/div>\n\t\t\t\t<\/article>\n\t\t\t\t<\/div>\n\t\t\n\t\t\t\t\t\t<\/div>\n\t\t\t\t<\/div>\n\t\t\t\t\t<\/div>\n\t\t\t\t<\/div>\n\t\t\t\t<\/div>\n\t\t","protected":false},"featured_media":46831,"template":"","meta":{"_acf_changed":false,"_kad_post_transparent":"","_kad_post_title":"","_kad_post_layout":"","_kad_post_sidebar_id":"","_kad_post_content_style":"","_kad_post_vertical_padding":"","_kad_post_feature":"","_kad_post_feature_position":"","_kad_post_header":false,"_kad_post_footer":false,"_kad_post_classname":""},"fleet_type":[],"class_list":["post-46852","fleet","type-fleet","status-publish","has-post-thumbnail","hentry"],"acf":[],"yoast_head":"<!-- This site is optimized with the Yoast SEO Premium plugin v26.9 (Yoast SEO v26.9) - https:\/\/yoast.com\/product\/yoast-seo-premium-wordpress\/ -->\n<title>\u3010Location de pick-up 4x4\u3011Mitsubishi L200 GLS Double Cab AT<\/title>\n<meta name=\"description\" content=\"\u261d Les camions 4x4 \u00e0 transmission standard, tels que le Mitsubishi L200 GLS Double Cab ou similaire, sont des v\u00e9hicules de travail.\" \/>\n<meta name=\"robots\" content=\"index, follow, max-snippet:-1, max-image-preview:large, max-video-preview:-1\" \/>\n<link rel=\"canonical\" href=\"https:\/\/www.adobecar.com\/fr\/flota\/camionnette-4x4\/\" \/>\n<meta property=\"og:locale\" content=\"fr_FR\" \/>\n<meta property=\"og:type\" content=\"article\" \/>\n<meta property=\"og:title\" content=\"Camionnette 4x4\" \/>\n<meta property=\"og:description\" content=\"\u261d Les camions 4x4 \u00e0 transmission standard, tels que le Mitsubishi L200 GLS Double Cab ou similaire, sont des v\u00e9hicules de travail.\" \/>\n<meta property=\"og:url\" content=\"https:\/\/www.adobecar.com\/fr\/flota\/camionnette-4x4\/\" \/>\n<meta property=\"og:site_name\" content=\"Adobe Rent a Car\" \/>\n<meta property=\"article:publisher\" content=\"https:\/\/www.facebook.com\/adobecar\" \/>\n<meta property=\"article:modified_time\" content=\"2026-04-27T16:23:30+00:00\" \/>\n<meta property=\"og:image\" content=\"https:\/\/www.adobecar.com\/wp-content\/uploads\/2026\/04\/s.jpg.jpeg\" \/>\n\t<meta property=\"og:image:width\" content=\"420\" \/>\n\t<meta property=\"og:image:height\" content=\"300\" \/>\n\t<meta property=\"og:image:type\" content=\"image\/jpeg\" \/>\n<meta name=\"twitter:card\" content=\"summary_large_image\" \/>\n<meta name=\"twitter:site\" content=\"@adoberentacar\" \/>\n<script type=\"application\/ld+json\" class=\"yoast-schema-graph\">{\"@context\":\"https:\/\/schema.org\",\"@graph\":[{\"@type\":\"WebPage\",\"@id\":\"https:\/\/www.adobecar.com\/fr\/flota\/camionnette-4x4\/\",\"url\":\"https:\/\/www.adobecar.com\/fr\/flota\/camionnette-4x4\/\",\"name\":\"\u3010Location de pick-up 4x4\u3011Mitsubishi L200 GLS Double Cab AT\",\"isPartOf\":{\"@id\":\"https:\/\/www.adobecar.com\/fr\/#website\"},\"primaryImageOfPage\":{\"@id\":\"https:\/\/www.adobecar.com\/fr\/flota\/camionnette-4x4\/#primaryimage\"},\"image\":{\"@id\":\"https:\/\/www.adobecar.com\/fr\/flota\/camionnette-4x4\/#primaryimage\"},\"thumbnailUrl\":\"https:\/\/www.adobecar.com\/wp-content\/uploads\/2026\/04\/s.jpg.jpeg\",\"datePublished\":\"2021-10-01T07:02:31+00:00\",\"dateModified\":\"2026-04-27T16:23:30+00:00\",\"description\":\"\u261d Les camions 4x4 \u00e0 transmission standard, tels que le Mitsubishi L200 GLS Double Cab ou similaire, sont des v\u00e9hicules de travail.\",\"breadcrumb\":{\"@id\":\"https:\/\/www.adobecar.com\/fr\/flota\/camionnette-4x4\/#breadcrumb\"},\"inLanguage\":\"fr-FR\",\"potentialAction\":[{\"@type\":\"ReadAction\",\"target\":[\"https:\/\/www.adobecar.com\/fr\/flota\/camionnette-4x4\/\"]}]},{\"@type\":\"ImageObject\",\"inLanguage\":\"fr-FR\",\"@id\":\"https:\/\/www.adobecar.com\/fr\/flota\/camionnette-4x4\/#primaryimage\",\"url\":\"https:\/\/www.adobecar.com\/wp-content\/uploads\/2026\/04\/s.jpg.jpeg\",\"contentUrl\":\"https:\/\/www.adobecar.com\/wp-content\/uploads\/2026\/04\/s.jpg.jpeg\",\"width\":420,\"height\":300},{\"@type\":\"BreadcrumbList\",\"@id\":\"https:\/\/www.adobecar.com\/fr\/flota\/camionnette-4x4\/#breadcrumb\",\"itemListElement\":[{\"@type\":\"ListItem\",\"position\":1,\"name\":\"Location de voitures\",\"item\":\"https:\/\/www.adobecar.com\/fr\/\"},{\"@type\":\"ListItem\",\"position\":2,\"name\":\"Camionnette 4&#215;4\"}]},{\"@type\":\"WebSite\",\"@id\":\"https:\/\/www.adobecar.com\/fr\/#website\",\"url\":\"https:\/\/www.adobecar.com\/fr\/\",\"name\":\"Adobe Rent a Car\",\"description\":\"Largest local car rental company in Costa Rica\",\"publisher\":{\"@id\":\"https:\/\/www.adobecar.com\/fr\/#organization\"},\"alternateName\":\"ARC Car Rental\",\"potentialAction\":[{\"@type\":\"SearchAction\",\"target\":{\"@type\":\"EntryPoint\",\"urlTemplate\":\"https:\/\/www.adobecar.com\/fr\/?s={search_term_string}\"},\"query-input\":{\"@type\":\"PropertyValueSpecification\",\"valueRequired\":true,\"valueName\":\"search_term_string\"}}],\"inLanguage\":\"fr-FR\"},{\"@type\":[\"Organization\",\"Place\"],\"@id\":\"https:\/\/www.adobecar.com\/fr\/#organization\",\"name\":\"Adobe Rent a Car\",\"url\":\"https:\/\/www.adobecar.com\/fr\/\",\"logo\":{\"@type\":\"ImageObject\",\"inLanguage\":\"fr-FR\",\"@id\":\"https:\/\/www.adobecar.com\/fr\/#\/schema\/logo\/image\/\",\"url\":\"https:\/\/www.adobecar.com\/wp-content\/uploads\/2020\/05\/logo-ARC.png\",\"contentUrl\":\"https:\/\/www.adobecar.com\/wp-content\/uploads\/2020\/05\/logo-ARC.png\",\"width\":170,\"height\":78,\"caption\":\"Adobe Rent a Car\"},\"image\":{\"@id\":\"https:\/\/www.adobecar.com\/fr\/#\/schema\/logo\/image\/\"},\"sameAs\":[\"https:\/\/www.facebook.com\/adobecar\",\"https:\/\/x.com\/adoberentacar\",\"https:\/\/www.instagram.com\/adoberentacar\/\",\"https:\/\/www.linkedin.com\/company\/adobe-rent-a-car\",\"https:\/\/www.youtube.com\/channel\/UCPJfc3n7wu_7aR8H_nd6VJQ\"],\"mainEntityOfPage\":{\"@id\":\"https:\/\/www.adobecar.com\/fr\/flota\/camionnette-4x4\/\"}}]}<\/script>\n<!-- \/ Yoast SEO Premium plugin. -->","yoast_head_json":{"title":"\u3010Location de pick-up 4x4\u3011Mitsubishi L200 GLS Double Cab AT","description":"\u261d Les camions 4x4 \u00e0 transmission standard, tels que le Mitsubishi L200 GLS Double Cab ou similaire, sont des v\u00e9hicules de travail.","robots":{"index":"index","follow":"follow","max-snippet":"max-snippet:-1","max-image-preview":"max-image-preview:large","max-video-preview":"max-video-preview:-1"},"canonical":"https:\/\/www.adobecar.com\/fr\/flota\/camionnette-4x4\/","og_locale":"fr_FR","og_type":"article","og_title":"Camionnette 4x4","og_description":"\u261d Les camions 4x4 \u00e0 transmission standard, tels que le Mitsubishi L200 GLS Double Cab ou similaire, sont des v\u00e9hicules de travail.","og_url":"https:\/\/www.adobecar.com\/fr\/flota\/camionnette-4x4\/","og_site_name":"Adobe Rent a Car","article_publisher":"https:\/\/www.facebook.com\/adobecar","article_modified_time":"2026-04-27T16:23:30+00:00","og_image":[{"width":420,"height":300,"url":"https:\/\/www.adobecar.com\/wp-content\/uploads\/2026\/04\/s.jpg.jpeg","type":"image\/jpeg"}],"twitter_card":"summary_large_image","twitter_site":"@adoberentacar","schema":{"@context":"https:\/\/schema.org","@graph":[{"@type":"WebPage","@id":"https:\/\/www.adobecar.com\/fr\/flota\/camionnette-4x4\/","url":"https:\/\/www.adobecar.com\/fr\/flota\/camionnette-4x4\/","name":"\u3010Location de pick-up 4x4\u3011Mitsubishi L200 GLS Double Cab AT","isPartOf":{"@id":"https:\/\/www.adobecar.com\/fr\/#website"},"primaryImageOfPage":{"@id":"https:\/\/www.adobecar.com\/fr\/flota\/camionnette-4x4\/#primaryimage"},"image":{"@id":"https:\/\/www.adobecar.com\/fr\/flota\/camionnette-4x4\/#primaryimage"},"thumbnailUrl":"https:\/\/www.adobecar.com\/wp-content\/uploads\/2026\/04\/s.jpg.jpeg","datePublished":"2021-10-01T07:02:31+00:00","dateModified":"2026-04-27T16:23:30+00:00","description":"\u261d Les camions 4x4 \u00e0 transmission standard, tels que le Mitsubishi L200 GLS Double Cab ou similaire, sont des v\u00e9hicules de travail.","breadcrumb":{"@id":"https:\/\/www.adobecar.com\/fr\/flota\/camionnette-4x4\/#breadcrumb"},"inLanguage":"fr-FR","potentialAction":[{"@type":"ReadAction","target":["https:\/\/www.adobecar.com\/fr\/flota\/camionnette-4x4\/"]}]},{"@type":"ImageObject","inLanguage":"fr-FR","@id":"https:\/\/www.adobecar.com\/fr\/flota\/camionnette-4x4\/#primaryimage","url":"https:\/\/www.adobecar.com\/wp-content\/uploads\/2026\/04\/s.jpg.jpeg","contentUrl":"https:\/\/www.adobecar.com\/wp-content\/uploads\/2026\/04\/s.jpg.jpeg","width":420,"height":300},{"@type":"BreadcrumbList","@id":"https:\/\/www.adobecar.com\/fr\/flota\/camionnette-4x4\/#breadcrumb","itemListElement":[{"@type":"ListItem","position":1,"name":"Location de voitures","item":"https:\/\/www.adobecar.com\/fr\/"},{"@type":"ListItem","position":2,"name":"Camionnette 4&#215;4"}]},{"@type":"WebSite","@id":"https:\/\/www.adobecar.com\/fr\/#website","url":"https:\/\/www.adobecar.com\/fr\/","name":"Adobe Rent a Car","description":"Largest local car rental company in Costa Rica","publisher":{"@id":"https:\/\/www.adobecar.com\/fr\/#organization"},"alternateName":"ARC Car Rental","potentialAction":[{"@type":"SearchAction","target":{"@type":"EntryPoint","urlTemplate":"https:\/\/www.adobecar.com\/fr\/?s={search_term_string}"},"query-input":{"@type":"PropertyValueSpecification","valueRequired":true,"valueName":"search_term_string"}}],"inLanguage":"fr-FR"},{"@type":["Organization","Place"],"@id":"https:\/\/www.adobecar.com\/fr\/#organization","name":"Adobe Rent a Car","url":"https:\/\/www.adobecar.com\/fr\/","logo":{"@type":"ImageObject","inLanguage":"fr-FR","@id":"https:\/\/www.adobecar.com\/fr\/#\/schema\/logo\/image\/","url":"https:\/\/www.adobecar.com\/wp-content\/uploads\/2020\/05\/logo-ARC.png","contentUrl":"https:\/\/www.adobecar.com\/wp-content\/uploads\/2020\/05\/logo-ARC.png","width":170,"height":78,"caption":"Adobe Rent a Car"},"image":{"@id":"https:\/\/www.adobecar.com\/fr\/#\/schema\/logo\/image\/"},"sameAs":["https:\/\/www.facebook.com\/adobecar","https:\/\/x.com\/adoberentacar","https:\/\/www.instagram.com\/adoberentacar\/","https:\/\/www.linkedin.com\/company\/adobe-rent-a-car","https:\/\/www.youtube.com\/channel\/UCPJfc3n7wu_7aR8H_nd6VJQ"],"mainEntityOfPage":{"@id":"https:\/\/www.adobecar.com\/fr\/flota\/camionnette-4x4\/"}}]}},"_links":{"self":[{"href":"https:\/\/www.adobecar.com\/fr\/wp-json\/wp\/v2\/fleet\/46852","targetHints":{"allow":["GET"]}}],"collection":[{"href":"https:\/\/www.adobecar.com\/fr\/wp-json\/wp\/v2\/fleet"}],"about":[{"href":"https:\/\/www.adobecar.com\/fr\/wp-json\/wp\/v2\/types\/fleet"}],"version-history":[{"count":0,"href":"https:\/\/www.adobecar.com\/fr\/wp-json\/wp\/v2\/fleet\/46852\/revisions"}],"wp:featuredmedia":[{"embeddable":true,"href":"https:\/\/www.adobecar.com\/fr\/wp-json\/wp\/v2\/media\/46831"}],"wp:attachment":[{"href":"https:\/\/www.adobecar.com\/fr\/wp-json\/wp\/v2\/media?parent=46852"}],"wp:term":[{"taxonomy":"fleet_type","embeddable":true,"href":"https:\/\/www.adobecar.com\/fr\/wp-json\/wp\/v2\/fleet_type?post=46852"}],"curies":[{"name":"wp","href":"https:\/\/api.w.org\/{rel}","templated":true}]}}