{"id":46859,"date":"2019-08-02T02:02:43","date_gmt":"2019-08-02T08:02:43","guid":{"rendered":"https:\/\/www.adobecar.com\/?post_type=fleet&#038;p=46859"},"modified":"2026-04-27T10:15:49","modified_gmt":"2026-04-27T16:15:49","slug":"pickup-44-mieten","status":"publish","type":"fleet","link":"https:\/\/www.adobecar.com\/de\/flota\/pickup-44-mieten\/","title":{"rendered":"Pickup 4\u00d74 mieten"},"content":{"rendered":"\t\t<div data-elementor-type=\"wp-post\" data-elementor-id=\"46859\" class=\"elementor elementor-46859 elementor-46829\" data-elementor-post-type=\"fleet\">\n\t\t\t\t<div data-particle_enable=\"false\" data-particle-mobile-disabled=\"false\" class=\"elementor-element elementor-element-5c0b916 e-flex e-con-boxed e-con e-parent\" data-id=\"5c0b916\" data-element_type=\"container\" data-e-type=\"container\">\n\t\t\t\t\t<div class=\"e-con-inner\">\n\t\t<div data-particle_enable=\"false\" data-particle-mobile-disabled=\"false\" class=\"elementor-element elementor-element-e2112e2 e-con-full e-flex e-con e-child\" data-id=\"e2112e2\" data-element_type=\"container\" data-e-type=\"container\">\n\t\t\t\t<div class=\"elementor-element elementor-element-cefe0ee elementor-widget elementor-widget-theme-post-title elementor-page-title elementor-widget-heading\" data-id=\"cefe0ee\" data-element_type=\"widget\" data-e-type=\"widget\" data-widget_type=\"theme-post-title.default\">\n\t\t\t\t\t<h1 class=\"elementor-heading-title elementor-size-default\">Pickup 4\u00d74 mieten<\/h1>\t\t\t\t<\/div>\n\t\t\t\t<div class=\"elementor-element elementor-element-fe6c69a elementor-widget elementor-widget-shortcode\" data-id=\"fe6c69a\" data-element_type=\"widget\" data-e-type=\"widget\" data-widget_type=\"shortcode.default\">\n\t\t\t\t\t\t\t<div class=\"elementor-shortcode\"><\/div>\n\t\t\t\t\t\t<\/div>\n\t\t\t\t<div class=\"elementor-element elementor-element-a70b0f2 elementor-widget elementor-widget-text-editor\" data-id=\"a70b0f2\" data-element_type=\"widget\" data-e-type=\"widget\" data-widget_type=\"text-editor.default\">\n\t\t\t\t\t\t\t\t\t<p>Automatische 4&#215;4-Pickups wie der Mitsubishi L200 GLS oder vergleichbare Modelle sind die idealen Nutzfahrzeuge f\u00fcr Ihre gesch\u00e4ftlichen und Offroad-Anforderungen. Diese leistungsstarken Fahrzeuge vereinen Kraft, Effizienz und Komfort und eignen sich daher perfekt f\u00fcr das abwechslungsreiche Terrain Costa Ricas.<\/p><p>Im Gegensatz zu einem Kompakt-Pickup bietet dieses Modell eine viert\u00fcrige Doppelkabine mit Platz f\u00fcr f\u00fcnf Personen, einen 134 PS starken Motor mit niedrigem Kraftstoffverbrauch (durchschnittlich 6,5 l\/100 km), Leichtmetallfelgen, volle Nutzlast und ein modernes Navigationssystem.<\/p>\t\t\t\t\t\t\t\t<\/div>\n\t\t\t\t<\/div>\n\t\t<div data-particle_enable=\"false\" data-particle-mobile-disabled=\"false\" class=\"elementor-element elementor-element-306740d e-con-full e-flex e-con e-child\" data-id=\"306740d\" data-element_type=\"container\" data-e-type=\"container\">\n\t\t\t\t<div class=\"elementor-element elementor-element-337d074 elementor-widget elementor-widget-shortcode\" data-id=\"337d074\" data-element_type=\"widget\" data-e-type=\"widget\" data-widget_type=\"shortcode.default\">\n\t\t\t\t\t\t\t<div class=\"elementor-shortcode\">\n<div class=\"adobe-flow-wrapper\">\n    <form id=\"booking-now\" class=\"adobe-form form-buscador adobe-full-form\" action=\"https:\/\/www.adobecar.com\/de\/adobe-results\/\" method=\"GET\" >\n        <input type=\"hidden\" name=\"adobe_search\" value=\"1\">\n    \n        <div class=\"form-row\">\n            <span class=\"label d--none\">Wohin geht Ihre n\u00e4chste Reise?<\/span>\n            <div class=\"fields-row check-drop-off hide-last\">\n                \t<div class=\"fields-wrapper\">\r\n\t\t<div class=\"first pickup-wrapper dropdown-pick required\">\r\n\t\t\t<span class=\"label\">Abholb\u00fcro<\/span>\r\n\t\t\t<div class=\"dropdown\">\r\n\t\t\t\t<button class=\"form-control button-pick pick-up-place\" type=\"button\" data-toggle=\"dropdown\" aria-haspopup=\"true\" aria-expanded=\"true\">\r\n\t\t\t\t\tAbholb\u00fcro\t\t\t\t<\/button>\r\n\t\t\t\t<span class=\"error help-block\">Sie m\u00fcssen angeben, wo das Fahrzeug abgeholt wird<\/span>\r\n\t\t\t\t\r\n\t\t\t\t\t\t\t\t<ul class=\"dropdown-menu\" aria-labelledby=\"pick-up-place\">\r\n\t\t\t\t\t<li>\r\n\t\t\t\t\t\t<a class=\"place-title\">Fortuna<\/a>\r\n\t\t\t\t\t\t<a data-toggle=\"modal\" data-target=\"#pick-up-map\" class=\"toggle-map\"><span class=\"icon\">https:\/\/www.adobecar.com\/wp-content\/plugins\/adobe-renting-flow\/assets\/images\/icon-map-pin.svg<\/span><\/a>\r\n\t\t\t\t\t<\/li>\r\n\t\t\t\t<\/ul>\r\n\t\t\t<\/div>\r\n\t\t\t<input type=\"hidden\" name=\"pick_up_place\" data-trip=\"pick-up\" class=\"input-pick input-validate pick-up-input\" value=\"\">\r\n\t\t<\/div>\r\n\t\t\r\n\t\t<div class=\"last dropoff-wrapper dropdown-pick required\">\r\n\t\t\t<span class=\"label\">Abgabestelle<\/span>\r\n\t\t\t<div class=\"dropdown\">\r\n\t\t\t\t<button class=\"form-control dropdown-toggle button-pick drop-off-place\" type=\"button\" data-toggle=\"dropdown\" aria-haspopup=\"true\" aria-expanded=\"true\">Abgabestelle<\/button>\r\n\t\t\t\t<span class=\"error help-block\">Sie m\u00fcssen angeben, wo das Fahrzeug abgegeben wird<\/span>\r\n\t\t\t\t\r\n\t\t\t\t\t\t\t\t<ul class=\"dropdown-menu\" aria-labelledby=\"pick-up-place\">\r\n\t\t\t\t\t<li>\r\n\t\t\t\t\t\t<a class=\"place-title\">Fortuna<\/a>\r\n\t\t\t\t\t\t<a data-toggle=\"modal\" data-target=\"#pick-up-map\" class=\"toggle-map\"><span class=\"icon\">https:\/\/www.adobecar.com\/wp-content\/plugins\/adobe-renting-flow\/assets\/images\/icon-map-pin.svg<\/span><\/a>\r\n\t\t\t\t\t<\/li>\r\n\t\t\t\t<\/ul>\r\n\t\t\t<\/div>\r\n\t\t\t<input type=\"hidden\" name=\"drop_off_place\" data-trip=\"drop-off\" class=\"input-pick input-validate drop-off-input\" value=\"\">\r\n\t\t<\/div>\r\n\t<\/div>\r\n\t    \n                                    <div class=\"custom-checkbox\">\n                        <input type=\"checkbox\" id=\"return-same-location\" class=\"return-same-location\" checked \/>\n                        <label for=\"return-same-location\">R\u00fcckkehr am selben Ort ?<\/label>\n                    <\/div>\n                            <\/div>\n        <\/div>\n    \n        <div class=\"form-row\">\n            <span class=\"label d--none\">Wann ist Ihre n\u00e4chste Reise?<\/span>\n            <div class=\"fields-row\">\n    \n                \t<div class=\"fields-wrapper\">\r\n\t\t<div class=\"date-wrapper\">\r\n\t\t\t<span class=\"label\">Abholtermin<\/span>\r\n\t\t\t<div class=\"calendar-group\">\r\n\t\t\t\t<input id=\"pick-up-date_view\" type=\"text\" class=\"form-control date-from pick-up-date_view\" placeholder=\"30 Apr.\" readonly=\"readonly\" data-val=\"2026-05-01\" \/>\r\n\t\t\t\t<input type=\"hidden\" class=\"form-control date-input input-from pick-up-date\" name=\"pick_up_date\" value=\"2026-05-01\" \/>\r\n\r\n\t\t\t\t<span class=\"calendar-icon\">\r\n\t\t\t\t\t<i class=\"icon-date\"><\/i>\r\n\t\t\t\t<\/span>\r\n\t\t\t<\/div>\r\n\r\n\t\t\t\t\t\t\r\n\t\t\t<span class=\"datefrom-picker\" style=\"display: block;\"><\/span>\r\n\t\t\t<span class=\"error help-block\">Sie m\u00fcssen ein Datum angeben<\/span>\r\n\t\t<\/div>\r\n\t\t<div class=\"date-wrapper\">\r\n\t\t\t<span class=\"label\">R\u00fcckreisedatum<\/span>\r\n\t\t\t<div class=\"calendar-group\">\r\n\t\t\t\t<input id=\"drop-off-date_view\" type=\"text\" class=\"form-control date-to drop-off-date_view\" placeholder=\"06 Mai\" readonly=\"readonly\" data-val=\"2026-05-07\" \/>\r\n\t\t\t\t<input type=\"hidden\" class=\"form-control date-input input-to drop-off-date\" name=\"drop_off_date\" value=\"2026-05-07\" \/>\r\n\r\n\t\t\t\t<span class=\"calendar-icon\">\r\n\t\t\t\t\t<i class=\"icon-date\"><\/i>\r\n\t\t\t\t<\/span>\r\n\t\t\t<\/div>\r\n\r\n\t\t\t\t\t\t\r\n\t\t\t<span class=\"dateto-picker\" style=\"display: block;\"><\/span>\r\n\t\t\t<span class=\"error help-block\">Sie m\u00fcssen ein Datum angeben<\/span>\r\n\t\t<\/div>\r\n\t<\/div>\r\n\t    \n            <\/div>\n        <\/div>\n    \n        <div class=\"form-row\">\n            <div class=\"fields-row\">\n                <div class=\"hour-container fields-wrapper\">\n                    <div class=\"item-hour required\">\n                        <span class=\"label\">Ort der Abholung<\/span>\n                        <select name=\"pick_up_time\" class=\"select-time pick-up-time\" data-current=\"\" style=\"display: none\"><\/select>\n                        <span class=\"error help-block\">W\u00e4hlen Sie zuerst einen Standort<\/span>\n                        <span class=\"error help-block error-office hide\">Dieser Standort ist bereits geschlossen<\/span>\n                    <\/div>\n                    <div class=\"item-hour required\">\n                        <span class=\"label\">R\u00fcckgabezeit<\/span>\n                        <select name=\"drop_off_time\" class=\"select-time drop-off-time\" data-current=\"\" style=\"display: none\"><\/select>\n                        <span class=\"error help-block\">W\u00e4hlen Sie zuerst einen Standort<\/span>\n                    <\/div>\n                <\/div>\n            <\/div>\n        <\/div>\n    \n                    <div class=\"form-row\">\n                                <span class=\"label\">Einwohner Costa Ricas?<\/span>\n                <div class=\"fields-row cr_resident-validation\">\n                    <span class=\"label\">\n                        <span class=\"radio-text\">Ja<\/span>\n                        <input type=\"radio\" name=\"cr_resident\" value=\"1\" >\n                    <\/span>\n                    <span class=\"label\">\n                        <span class=\"radio-text\">No<\/span>\n                        <input type=\"radio\" name=\"cr_resident\" value=\"0\" checked=\"checked\">\n                    <\/span>\n                    <span class=\"error help-block\">Diese Option ist erforderlich<\/span>\n                <\/div>\n            <\/div>\n        \n            <div class=\"form-row\">\n                <div class=\"fields-row coupon-wrapper\">\n                                            <span class=\"label\"><span>Nachlass Gutschein<\/span><\/span>\n                        <input type=\"text\" name=\"promo_code\" class=\"form-control promo_code\" placeholder=\"Promo-Code\" autocomplete=\"off\">\n                                        <p class=\"small\" style=\"display: none;\">\n                        <span class=\"adobe-ip\"><\/span>\n                        <span class=\"adobe-location\"><\/span>\n                    <\/p>\n                <\/div>\n            <\/div>\n            \n        <div class=\"form-row\">\n                        <div class=\"button-search-wrapper\">\n                <button data-loading-text=\"Loading...\" class=\"btn btn-adobe-green btn-search\" type=\"submit\">Suchen<\/button>\n            <\/div>\n        <\/div>\n    <\/form>\n<\/div><\/div>\n\t\t\t\t\t\t<\/div>\n\t\t\t\t<\/div>\n\t\t\t\t\t<\/div>\n\t\t\t\t<\/div>\n\t\t<div data-particle_enable=\"false\" data-particle-mobile-disabled=\"false\" class=\"elementor-element elementor-element-5189b7b e-flex e-con-boxed e-con e-parent\" data-id=\"5189b7b\" data-element_type=\"container\" data-e-type=\"container\">\n\t\t\t\t\t<div class=\"e-con-inner\">\n\t\t\t\t<div class=\"elementor-element elementor-element-7018a34 elementor-widget elementor-widget-text-editor\" data-id=\"7018a34\" data-element_type=\"widget\" data-e-type=\"widget\" data-widget_type=\"text-editor.default\">\n\t\t\t\t\t\t\t\t\t<p><strong>Verf\u00fcgbares Fahrzeug<\/strong><\/p>\t\t\t\t\t\t\t\t<\/div>\n\t\t\t\t<div class=\"elementor-element elementor-element-0c929fe elementor-widget elementor-widget-text-editor\" data-id=\"0c929fe\" data-element_type=\"widget\" data-e-type=\"widget\" data-widget_type=\"text-editor.default\">\n\t\t\t\t\t\t\t\t\t<p>Zeigt die Basisfahrzeuge pro Kategorie an<\/p>\t\t\t\t\t\t\t\t<\/div>\n\t\t\t\t<div class=\"elementor-element elementor-element-3a3488a elementor-widget elementor-widget-template\" data-id=\"3a3488a\" data-element_type=\"widget\" data-e-type=\"widget\" data-widget_type=\"template.default\">\n\t\t\t\t<div class=\"elementor-widget-container\">\n\t\t\t\t\t\t\t<div class=\"elementor-template\">\n\t\t\t\t\t<div data-elementor-type=\"container\" data-elementor-id=\"41490\" class=\"elementor elementor-41490\" data-elementor-post-type=\"elementor_library\">\n\t\t\t\t<div data-particle_enable=\"false\" data-particle-mobile-disabled=\"false\" class=\"elementor-element elementor-element-8fd7904 e-flex e-con-boxed e-con e-parent\" data-id=\"8fd7904\" data-element_type=\"container\" data-e-type=\"container\">\n\t\t\t\t\t<div class=\"e-con-inner\">\n\t\t\t\t<div class=\"elementor-element elementor-element-babc065 elementor-grid-4 elementor-grid-tablet-2 elementor-grid-mobile-1 elementor-widget elementor-widget-arc-portfolio\" data-id=\"babc065\" data-element_type=\"widget\" data-e-type=\"widget\" data-settings=\"{&quot;columns&quot;:&quot;4&quot;,&quot;item_ratio&quot;:{&quot;unit&quot;:&quot;px&quot;,&quot;size&quot;:&quot;&quot;,&quot;sizes&quot;:[]},&quot;row_gap&quot;:{&quot;unit&quot;:&quot;px&quot;,&quot;size&quot;:20,&quot;sizes&quot;:[]},&quot;columns_tablet&quot;:&quot;2&quot;,&quot;columns_mobile&quot;:&quot;1&quot;,&quot;item_gap&quot;:{&quot;unit&quot;:&quot;px&quot;,&quot;size&quot;:&quot;&quot;,&quot;sizes&quot;:[]}}\" data-widget_type=\"arc-portfolio.default\">\n\t\t\t\t<div class=\"elementor-widget-container\">\n\t\t\t\t\t<div class=\"arc-portfolio\">\t\t<div class=\"elementor-portfolio elementor-grid elementor-posts-container\" role=\"list\">\n\t\t\t\t<article class=\"elementor-portfolio-item elementor-post elementor-filter-5562 post-46174 fleet type-fleet status-publish has-post-thumbnail hentry fleet_type-sedan\" role=\"listitem\">\n\t\t\t<a class=\"elementor-post__thumbnail__link\" href=\"https:\/\/www.adobecar.com\/de\/flota\/kleinwagen-mieten-2\/\">\n\t\t\t\t<div class=\"elementor-portfolio-item__img elementor-post__thumbnail\">\n\t\t\t<img fetchpriority=\"high\" decoding=\"async\" width=\"300\" height=\"214\" src=\"https:\/\/www.adobecar.com\/wp-content\/uploads\/2019\/08\/n-4-300x214.jpg\" class=\"attachment-medium size-medium wp-image-45109\" alt=\"\" srcset=\"https:\/\/www.adobecar.com\/wp-content\/uploads\/2019\/08\/n-4-300x214.jpg 300w, https:\/\/www.adobecar.com\/wp-content\/uploads\/2019\/08\/n-4-150x107.jpg 150w, https:\/\/www.adobecar.com\/wp-content\/uploads\/2019\/08\/n-4.jpg 420w\" sizes=\"(max-width: 300px) 100vw, 300px\" \/>\t\t<\/div>\n\t\t\t\t<h2 class=\"elementor-portfolio-item__title\">\n\t\tKleinwagen mieten\t\t<\/h2>\n\t\t                        <div class=\"elementor-portfolio-item__vehicle-grupo-arc\">\n                            KATEGORIE T                        <\/div>\n                        \t\t<\/a>\n\t\t<\/article>\n\t\t\t\t<article class=\"elementor-portfolio-item elementor-post  post-24292 fleet type-fleet status-publish has-post-thumbnail hentry\" role=\"listitem\">\n\t\t\t<a class=\"elementor-post__thumbnail__link\" href=\"https:\/\/www.adobecar.com\/de\/flota\/kleinwagen-mieten\/\">\n\t\t\t\t<div class=\"elementor-portfolio-item__img elementor-post__thumbnail\">\n\t\t\t<img fetchpriority=\"high\" decoding=\"async\" width=\"300\" height=\"214\" src=\"https:\/\/www.adobecar.com\/wp-content\/uploads\/2019\/08\/n-4-300x214.jpg\" class=\"attachment-medium size-medium wp-image-45109\" alt=\"\" srcset=\"https:\/\/www.adobecar.com\/wp-content\/uploads\/2019\/08\/n-4-300x214.jpg 300w, https:\/\/www.adobecar.com\/wp-content\/uploads\/2019\/08\/n-4-150x107.jpg 150w, https:\/\/www.adobecar.com\/wp-content\/uploads\/2019\/08\/n-4.jpg 420w\" sizes=\"(max-width: 300px) 100vw, 300px\" \/>\t\t<\/div>\n\t\t\t\t<h2 class=\"elementor-portfolio-item__title\">\n\t\tKleinwagen mieten\t\t<\/h2>\n\t\t                        <div class=\"elementor-portfolio-item__vehicle-grupo-arc\">\n                            KATEGORIE N                        <\/div>\n                        \t\t<\/a>\n\t\t<\/article>\n\t\t\t\t<article class=\"elementor-portfolio-item elementor-post elementor-filter-5478 post-24313 fleet type-fleet status-publish has-post-thumbnail hentry fleet_type-pkw\" role=\"listitem\">\n\t\t\t<a class=\"elementor-post__thumbnail__link\" href=\"https:\/\/www.adobecar.com\/de\/flota\/preiswerten-kleinwagen-mieten-at\/\">\n\t\t\t\t<div class=\"elementor-portfolio-item__img elementor-post__thumbnail\">\n\t\t\t<img decoding=\"async\" width=\"300\" height=\"214\" src=\"https:\/\/www.adobecar.com\/wp-content\/uploads\/2019\/08\/w-3-300x214.jpg\" class=\"attachment-medium size-medium wp-image-23897\" alt=\"rentar sedan\" srcset=\"https:\/\/www.adobecar.com\/wp-content\/uploads\/2019\/08\/w-3-300x214.jpg 300w, https:\/\/www.adobecar.com\/wp-content\/uploads\/2019\/08\/w-3-400x284.jpg 400w, https:\/\/www.adobecar.com\/wp-content\/uploads\/2019\/08\/w-3-24x17.jpg 24w, https:\/\/www.adobecar.com\/wp-content\/uploads\/2019\/08\/w-3-36x26.jpg 36w, https:\/\/www.adobecar.com\/wp-content\/uploads\/2019\/08\/w-3-48x34.jpg 48w, https:\/\/www.adobecar.com\/wp-content\/uploads\/2019\/08\/w-3-150x107.jpg 150w, https:\/\/www.adobecar.com\/wp-content\/uploads\/2019\/08\/w-3.jpg 420w\" sizes=\"(max-width: 300px) 100vw, 300px\" \/>\t\t<\/div>\n\t\t\t\t<h2 class=\"elementor-portfolio-item__title\">\n\t\tPreiswerten Kleinwagen mieten\t\t<\/h2>\n\t\t                        <div class=\"elementor-portfolio-item__vehicle-grupo-arc\">\n                            KATEGORIE W                        <\/div>\n                        \t\t<\/a>\n\t\t<\/article>\n\t\t\t\t<article class=\"elementor-portfolio-item elementor-post elementor-filter-5478 post-24322 fleet type-fleet status-publish has-post-thumbnail hentry fleet_type-pkw\" role=\"listitem\">\n\t\t\t<a class=\"elementor-post__thumbnail__link\" href=\"https:\/\/www.adobecar.com\/de\/flota\/kompaktwagen-mieten\/\">\n\t\t\t\t<div class=\"elementor-portfolio-item__img elementor-post__thumbnail\">\n\t\t\t<img decoding=\"async\" width=\"300\" height=\"206\" src=\"https:\/\/www.adobecar.com\/wp-content\/uploads\/2019\/08\/K-Soluto-300x206.jpg\" class=\"attachment-medium size-medium wp-image-41251\" alt=\"\" srcset=\"https:\/\/www.adobecar.com\/wp-content\/uploads\/2019\/08\/K-Soluto-300x206.jpg 300w, https:\/\/www.adobecar.com\/wp-content\/uploads\/2019\/08\/K-Soluto-600x412.jpg 600w, https:\/\/www.adobecar.com\/wp-content\/uploads\/2019\/08\/K-Soluto-150x103.jpg 150w, https:\/\/www.adobecar.com\/wp-content\/uploads\/2019\/08\/K-Soluto.jpg 613w\" sizes=\"(max-width: 300px) 100vw, 300px\" \/>\t\t<\/div>\n\t\t\t\t<h2 class=\"elementor-portfolio-item__title\">\n\t\tKompaktwagen mieten\t\t<\/h2>\n\t\t                        <div class=\"elementor-portfolio-item__vehicle-grupo-arc\">\n                            KATEGORIE P                        <\/div>\n                        \t\t<\/a>\n\t\t<\/article>\n\t\t\t\t<article class=\"elementor-portfolio-item elementor-post elementor-filter-5478 post-24334 fleet type-fleet status-publish has-post-thumbnail hentry fleet_type-pkw\" role=\"listitem\">\n\t\t\t<a class=\"elementor-post__thumbnail__link\" href=\"https:\/\/www.adobecar.com\/de\/flota\/kompaktwagen-mieten-at\/\">\n\t\t\t\t<div class=\"elementor-portfolio-item__img elementor-post__thumbnail\">\n\t\t\t<img decoding=\"async\" width=\"300\" height=\"206\" src=\"https:\/\/www.adobecar.com\/wp-content\/uploads\/2019\/08\/K-Soluto-300x206.jpg\" class=\"attachment-medium size-medium wp-image-41251\" alt=\"\" srcset=\"https:\/\/www.adobecar.com\/wp-content\/uploads\/2019\/08\/K-Soluto-300x206.jpg 300w, https:\/\/www.adobecar.com\/wp-content\/uploads\/2019\/08\/K-Soluto-600x412.jpg 600w, https:\/\/www.adobecar.com\/wp-content\/uploads\/2019\/08\/K-Soluto-150x103.jpg 150w, https:\/\/www.adobecar.com\/wp-content\/uploads\/2019\/08\/K-Soluto.jpg 613w\" sizes=\"(max-width: 300px) 100vw, 300px\" \/>\t\t<\/div>\n\t\t\t\t<h2 class=\"elementor-portfolio-item__title\">\n\t\tKompaktwagen mieten\t\t<\/h2>\n\t\t                        <div class=\"elementor-portfolio-item__vehicle-grupo-arc\">\n                            KATEGORIE I                        <\/div>\n                        \t\t<\/a>\n\t\t<\/article>\n\t\t\t\t<article class=\"elementor-portfolio-item elementor-post elementor-filter-5478 post-24337 fleet type-fleet status-publish has-post-thumbnail hentry fleet_type-pkw\" role=\"listitem\">\n\t\t\t<a class=\"elementor-post__thumbnail__link\" href=\"https:\/\/www.adobecar.com\/de\/flota\/mittleren-kleinwagen-mieten\/\">\n\t\t\t\t<div class=\"elementor-portfolio-item__img elementor-post__thumbnail\">\n\t\t\t<img loading=\"lazy\" decoding=\"async\" width=\"300\" height=\"214\" src=\"https:\/\/www.adobecar.com\/wp-content\/uploads\/2019\/08\/D-AS-300x214.jpg\" class=\"attachment-medium size-medium wp-image-41256\" alt=\"\" srcset=\"https:\/\/www.adobecar.com\/wp-content\/uploads\/2019\/08\/D-AS-300x214.jpg 300w, https:\/\/www.adobecar.com\/wp-content\/uploads\/2019\/08\/D-AS-150x107.jpg 150w, https:\/\/www.adobecar.com\/wp-content\/uploads\/2019\/08\/D-AS.jpg 420w\" sizes=\"(max-width: 300px) 100vw, 300px\" \/>\t\t<\/div>\n\t\t\t\t<h2 class=\"elementor-portfolio-item__title\">\n\t\tMittleren Kleinwagen mieten\t\t<\/h2>\n\t\t                        <div class=\"elementor-portfolio-item__vehicle-grupo-arc\">\n                            KATEGORIE D                        <\/div>\n                        \t\t<\/a>\n\t\t<\/article>\n\t\t\t\t<article class=\"elementor-portfolio-item elementor-post elementor-filter-5476 post-24342 fleet type-fleet status-publish has-post-thumbnail hentry fleet_type-suv-de\" role=\"listitem\">\n\t\t\t<a class=\"elementor-post__thumbnail__link\" href=\"https:\/\/www.adobecar.com\/de\/flota\/preiswerten-suv-mieten-at\/\">\n\t\t\t\t<div class=\"elementor-portfolio-item__img elementor-post__thumbnail\">\n\t\t\t<img loading=\"lazy\" decoding=\"async\" width=\"300\" height=\"214\" src=\"https:\/\/www.adobecar.com\/wp-content\/uploads\/2019\/08\/q-300x214.jpg\" class=\"attachment-medium size-medium wp-image-45102\" alt=\"\" srcset=\"https:\/\/www.adobecar.com\/wp-content\/uploads\/2019\/08\/q-300x214.jpg 300w, https:\/\/www.adobecar.com\/wp-content\/uploads\/2019\/08\/q-150x107.jpg 150w, https:\/\/www.adobecar.com\/wp-content\/uploads\/2019\/08\/q.jpg 421w\" sizes=\"(max-width: 300px) 100vw, 300px\" \/>\t\t<\/div>\n\t\t\t\t<h2 class=\"elementor-portfolio-item__title\">\n\t\tPreiswerten SUV mieten\t\t<\/h2>\n\t\t                        <div class=\"elementor-portfolio-item__vehicle-grupo-arc\">\n                            KATEGORIE Q                        <\/div>\n                        \t\t<\/a>\n\t\t<\/article>\n\t\t\t\t<article class=\"elementor-portfolio-item elementor-post elementor-filter-5476 post-24347 fleet type-fleet status-publish has-post-thumbnail hentry fleet_type-suv-de\" role=\"listitem\">\n\t\t\t<a class=\"elementor-post__thumbnail__link\" href=\"https:\/\/www.adobecar.com\/de\/flota\/mittelgrossen-suv-gelaendewagen-mieten\/\">\n\t\t\t\t<div class=\"elementor-portfolio-item__img elementor-post__thumbnail\">\n\t\t\t<img loading=\"lazy\" decoding=\"async\" width=\"300\" height=\"214\" src=\"https:\/\/www.adobecar.com\/wp-content\/uploads\/2019\/08\/r-2-300x214.jpg\" class=\"attachment-medium size-medium wp-image-23929\" alt=\"rentar camioneta SUV intermedia\" srcset=\"https:\/\/www.adobecar.com\/wp-content\/uploads\/2019\/08\/r-2-300x214.jpg 300w, https:\/\/www.adobecar.com\/wp-content\/uploads\/2019\/08\/r-2-400x284.jpg 400w, https:\/\/www.adobecar.com\/wp-content\/uploads\/2019\/08\/r-2-24x17.jpg 24w, https:\/\/www.adobecar.com\/wp-content\/uploads\/2019\/08\/r-2-36x26.jpg 36w, https:\/\/www.adobecar.com\/wp-content\/uploads\/2019\/08\/r-2-48x34.jpg 48w, https:\/\/www.adobecar.com\/wp-content\/uploads\/2019\/08\/r-2-150x107.jpg 150w, https:\/\/www.adobecar.com\/wp-content\/uploads\/2019\/08\/r-2.jpg 420w\" sizes=\"(max-width: 300px) 100vw, 300px\" \/>\t\t<\/div>\n\t\t\t\t<h2 class=\"elementor-portfolio-item__title\">\n\t\tMittelgrossen SUV-Gel\u00e4ndewagen mieten\t\t<\/h2>\n\t\t                        <div class=\"elementor-portfolio-item__vehicle-grupo-arc\">\n                            KATEGORIE A                        <\/div>\n                        \t\t<\/a>\n\t\t<\/article>\n\t\t\t\t<article class=\"elementor-portfolio-item elementor-post elementor-filter-5476 post-27408 fleet type-fleet status-publish has-post-thumbnail hentry fleet_type-suv-de\" role=\"listitem\">\n\t\t\t<a class=\"elementor-post__thumbnail__link\" href=\"https:\/\/www.adobecar.com\/de\/flota\/mittelgrossen-suv-gelaendewagen-mieten-2\/\">\n\t\t\t\t<div class=\"elementor-portfolio-item__img elementor-post__thumbnail\">\n\t\t\t<img loading=\"lazy\" decoding=\"async\" width=\"300\" height=\"214\" src=\"https:\/\/www.adobecar.com\/wp-content\/uploads\/2019\/08\/r-3-300x214.jpg\" class=\"attachment-medium size-medium wp-image-38876\" alt=\"\" srcset=\"https:\/\/www.adobecar.com\/wp-content\/uploads\/2019\/08\/r-3-300x214.jpg 300w, https:\/\/www.adobecar.com\/wp-content\/uploads\/2019\/08\/r-3-150x107.jpg 150w, https:\/\/www.adobecar.com\/wp-content\/uploads\/2019\/08\/r-3.jpg 420w\" sizes=\"(max-width: 300px) 100vw, 300px\" \/>\t\t<\/div>\n\t\t\t\t<h2 class=\"elementor-portfolio-item__title\">\n\t\tMittelgrossen SUV-Gel\u00e4ndewagen mieten\t\t<\/h2>\n\t\t                        <div class=\"elementor-portfolio-item__vehicle-grupo-arc\">\n                            KATEGORIE R                        <\/div>\n                        \t\t<\/a>\n\t\t<\/article>\n\t\t\t\t<article class=\"elementor-portfolio-item elementor-post elementor-filter-5476 post-27717 fleet type-fleet status-publish has-post-thumbnail hentry fleet_type-suv-de\" role=\"listitem\">\n\t\t\t<a class=\"elementor-post__thumbnail__link\" href=\"https:\/\/www.adobecar.com\/de\/flota\/suv-economy-vermietung\/\">\n\t\t\t\t<div class=\"elementor-portfolio-item__img elementor-post__thumbnail\">\n\t\t\t<img loading=\"lazy\" decoding=\"async\" width=\"300\" height=\"214\" src=\"https:\/\/www.adobecar.com\/wp-content\/uploads\/2019\/08\/v-300x214.jpg\" class=\"attachment-medium size-medium wp-image-45105\" alt=\"\" srcset=\"https:\/\/www.adobecar.com\/wp-content\/uploads\/2019\/08\/v-300x214.jpg 300w, https:\/\/www.adobecar.com\/wp-content\/uploads\/2019\/08\/v-150x107.jpg 150w, https:\/\/www.adobecar.com\/wp-content\/uploads\/2019\/08\/v.jpg 421w\" sizes=\"(max-width: 300px) 100vw, 300px\" \/>\t\t<\/div>\n\t\t\t\t<h2 class=\"elementor-portfolio-item__title\">\n\t\tStandard-SUV-Vermietung\t\t<\/h2>\n\t\t                        <div class=\"elementor-portfolio-item__vehicle-grupo-arc\">\n                            KATEGORIE V                        <\/div>\n                        \t\t<\/a>\n\t\t<\/article>\n\t\t\t\t<article class=\"elementor-portfolio-item elementor-post elementor-filter-5476 post-43138 fleet type-fleet status-publish has-post-thumbnail hentry fleet_type-suv-de\" role=\"listitem\">\n\t\t\t<a class=\"elementor-post__thumbnail__link\" href=\"https:\/\/www.adobecar.com\/de\/flota\/mittelgrossen-suv-gelaendewagen-mieten-3\/\">\n\t\t\t\t<div class=\"elementor-portfolio-item__img elementor-post__thumbnail\">\n\t\t\t<img loading=\"lazy\" decoding=\"async\" width=\"300\" height=\"214\" src=\"https:\/\/www.adobecar.com\/wp-content\/uploads\/2025\/07\/l-300x214.jpg\" class=\"attachment-medium size-medium wp-image-43121\" alt=\"\" srcset=\"https:\/\/www.adobecar.com\/wp-content\/uploads\/2025\/07\/l-300x214.jpg 300w, https:\/\/www.adobecar.com\/wp-content\/uploads\/2025\/07\/l-150x107.jpg 150w, https:\/\/www.adobecar.com\/wp-content\/uploads\/2025\/07\/l.jpg 420w\" sizes=\"(max-width: 300px) 100vw, 300px\" \/>\t\t<\/div>\n\t\t\t\t<h2 class=\"elementor-portfolio-item__title\">\n\t\tMittelgrossen SUV-Gel\u00e4ndewagen mieten\t\t<\/h2>\n\t\t                        <div class=\"elementor-portfolio-item__vehicle-grupo-arc\">\n                            KATEGORIE L                        <\/div>\n                        \t\t<\/a>\n\t\t<\/article>\n\t\t\t\t<article class=\"elementor-portfolio-item elementor-post elementor-filter-5476 post-24349 fleet type-fleet status-publish has-post-thumbnail hentry fleet_type-suv-de\" role=\"listitem\">\n\t\t\t<a class=\"elementor-post__thumbnail__link\" href=\"https:\/\/www.adobecar.com\/de\/flota\/kompakt-suv-mit-gangschaltung-mieten\/\">\n\t\t\t\t<div class=\"elementor-portfolio-item__img elementor-post__thumbnail\">\n\t\t\t<img loading=\"lazy\" decoding=\"async\" width=\"300\" height=\"214\" src=\"https:\/\/www.adobecar.com\/wp-content\/uploads\/2019\/08\/l-1-300x214.jpg\" class=\"attachment-medium size-medium wp-image-23934\" alt=\"SUV car rental\" srcset=\"https:\/\/www.adobecar.com\/wp-content\/uploads\/2019\/08\/l-1-300x214.jpg 300w, https:\/\/www.adobecar.com\/wp-content\/uploads\/2019\/08\/l-1-400x284.jpg 400w, https:\/\/www.adobecar.com\/wp-content\/uploads\/2019\/08\/l-1-24x17.jpg 24w, https:\/\/www.adobecar.com\/wp-content\/uploads\/2019\/08\/l-1-36x26.jpg 36w, https:\/\/www.adobecar.com\/wp-content\/uploads\/2019\/08\/l-1-48x34.jpg 48w, https:\/\/www.adobecar.com\/wp-content\/uploads\/2019\/08\/l-1-150x107.jpg 150w, https:\/\/www.adobecar.com\/wp-content\/uploads\/2019\/08\/l-1.jpg 420w\" sizes=\"(max-width: 300px) 100vw, 300px\" \/>\t\t<\/div>\n\t\t\t\t<h2 class=\"elementor-portfolio-item__title\">\n\t\tKompakt-SUV mit Gangschaltung mieten\t\t<\/h2>\n\t\t                        <div class=\"elementor-portfolio-item__vehicle-grupo-arc\">\n                            KATEGORIE B                        <\/div>\n                        \t\t<\/a>\n\t\t<\/article>\n\t\t\t\t<article class=\"elementor-portfolio-item elementor-post elementor-filter-5476 post-24356 fleet type-fleet status-publish has-post-thumbnail hentry fleet_type-suv-de\" role=\"listitem\">\n\t\t\t<a class=\"elementor-post__thumbnail__link\" href=\"https:\/\/www.adobecar.com\/de\/flota\/mittleren-suv-gelaendewagen-mit-automatikgetriebe-mieten\/\">\n\t\t\t\t<div class=\"elementor-portfolio-item__img elementor-post__thumbnail\">\n\t\t\t<img loading=\"lazy\" decoding=\"async\" width=\"300\" height=\"214\" src=\"https:\/\/www.adobecar.com\/wp-content\/uploads\/2024\/07\/r-kona-2-300x214.jpg\" class=\"attachment-medium size-medium wp-image-38629\" alt=\"\" srcset=\"https:\/\/www.adobecar.com\/wp-content\/uploads\/2024\/07\/r-kona-2-300x214.jpg 300w, https:\/\/www.adobecar.com\/wp-content\/uploads\/2024\/07\/r-kona-2-150x107.jpg 150w, https:\/\/www.adobecar.com\/wp-content\/uploads\/2024\/07\/r-kona-2.jpg 420w\" sizes=\"(max-width: 300px) 100vw, 300px\" \/>\t\t<\/div>\n\t\t\t\t<h2 class=\"elementor-portfolio-item__title\">\n\t\tMittleren SUV-Gel\u00e4ndewagen mit Automatikgetriebe mieten\t\t<\/h2>\n\t\t                        <div class=\"elementor-portfolio-item__vehicle-grupo-arc\">\n                            KATEGORIE F                        <\/div>\n                        \t\t<\/a>\n\t\t<\/article>\n\t\t\t\t<article class=\"elementor-portfolio-item elementor-post elementor-filter-5476 post-24402 fleet type-fleet status-publish has-post-thumbnail hentry fleet_type-suv-de\" role=\"listitem\">\n\t\t\t<a class=\"elementor-post__thumbnail__link\" href=\"https:\/\/www.adobecar.com\/de\/flota\/standard-suv-gelandewagen-mit-automatikgetriebe-mieten\/\">\n\t\t\t\t<div class=\"elementor-portfolio-item__img elementor-post__thumbnail\">\n\t\t\t<img loading=\"lazy\" decoding=\"async\" width=\"300\" height=\"214\" src=\"https:\/\/www.adobecar.com\/wp-content\/uploads\/2019\/08\/h-2-300x214.jpg\" class=\"attachment-medium size-medium wp-image-23951\" alt=\"rentar camioneta SUV estandar\" srcset=\"https:\/\/www.adobecar.com\/wp-content\/uploads\/2019\/08\/h-2-300x214.jpg 300w, https:\/\/www.adobecar.com\/wp-content\/uploads\/2019\/08\/h-2-400x284.jpg 400w, https:\/\/www.adobecar.com\/wp-content\/uploads\/2019\/08\/h-2-24x17.jpg 24w, https:\/\/www.adobecar.com\/wp-content\/uploads\/2019\/08\/h-2-36x26.jpg 36w, https:\/\/www.adobecar.com\/wp-content\/uploads\/2019\/08\/h-2-48x34.jpg 48w, https:\/\/www.adobecar.com\/wp-content\/uploads\/2019\/08\/h-2-150x107.jpg 150w, https:\/\/www.adobecar.com\/wp-content\/uploads\/2019\/08\/h-2.jpg 420w\" sizes=\"(max-width: 300px) 100vw, 300px\" \/>\t\t<\/div>\n\t\t\t\t<h2 class=\"elementor-portfolio-item__title\">\n\t\tStandard SUV-Gel\u00e4ndewagen mit Automatikgetriebe mieten\t\t<\/h2>\n\t\t                        <div class=\"elementor-portfolio-item__vehicle-grupo-arc\">\n                            KATEGORIE H                        <\/div>\n                        \t\t<\/a>\n\t\t<\/article>\n\t\t\t\t<article class=\"elementor-portfolio-item elementor-post  post-38754 fleet type-fleet status-publish has-post-thumbnail hentry\" role=\"listitem\">\n\t\t\t<a class=\"elementor-post__thumbnail__link\" href=\"https:\/\/www.adobecar.com\/de\/flota\/der-full-size\/\">\n\t\t\t\t<div class=\"elementor-portfolio-item__img elementor-post__thumbnail\">\n\t\t\t<img loading=\"lazy\" decoding=\"async\" width=\"300\" height=\"214\" src=\"https:\/\/www.adobecar.com\/wp-content\/uploads\/2019\/08\/j-24-300x214.jpg\" class=\"attachment-medium size-medium wp-image-39727\" alt=\"\" srcset=\"https:\/\/www.adobecar.com\/wp-content\/uploads\/2019\/08\/j-24-300x214.jpg 300w, https:\/\/www.adobecar.com\/wp-content\/uploads\/2019\/08\/j-24-150x107.jpg 150w, https:\/\/www.adobecar.com\/wp-content\/uploads\/2019\/08\/j-24.jpg 420w\" sizes=\"(max-width: 300px) 100vw, 300px\" \/>\t\t<\/div>\n\t\t\t\t<h2 class=\"elementor-portfolio-item__title\">\n\t\tDer Full Size\t\t<\/h2>\n\t\t                        <div class=\"elementor-portfolio-item__vehicle-grupo-arc\">\n                            KATEGORIE J                        <\/div>\n                        \t\t<\/a>\n\t\t<\/article>\n\t\t\t\t<article class=\"elementor-portfolio-item elementor-post elementor-filter-5476 post-24407 fleet type-fleet status-publish has-post-thumbnail hentry fleet_type-suv-de\" role=\"listitem\">\n\t\t\t<a class=\"elementor-post__thumbnail__link\" href=\"https:\/\/www.adobecar.com\/de\/flota\/full-size-suv-gelandewagen-mieten\/\">\n\t\t\t\t<div class=\"elementor-portfolio-item__img elementor-post__thumbnail\">\n\t\t\t<img loading=\"lazy\" decoding=\"async\" width=\"300\" height=\"214\" src=\"https:\/\/www.adobecar.com\/wp-content\/uploads\/2019\/08\/g-3-300x214.jpg\" class=\"attachment-medium size-medium wp-image-41285\" alt=\"\" srcset=\"https:\/\/www.adobecar.com\/wp-content\/uploads\/2019\/08\/g-3-300x214.jpg 300w, https:\/\/www.adobecar.com\/wp-content\/uploads\/2019\/08\/g-3-150x107.jpg 150w, https:\/\/www.adobecar.com\/wp-content\/uploads\/2019\/08\/g-3.jpg 420w\" sizes=\"(max-width: 300px) 100vw, 300px\" \/>\t\t<\/div>\n\t\t\t\t<h2 class=\"elementor-portfolio-item__title\">\n\t\tFull size SUV-Gel\u00e4ndewagen mieten\t\t<\/h2>\n\t\t                        <div class=\"elementor-portfolio-item__vehicle-grupo-arc\">\n                            KATEGORIE G                        <\/div>\n                        \t\t<\/a>\n\t\t<\/article>\n\t\t\t\t<article class=\"elementor-portfolio-item elementor-post elementor-filter-5476 post-24413 fleet type-fleet status-publish has-post-thumbnail hentry fleet_type-suv-de\" role=\"listitem\">\n\t\t\t<a class=\"elementor-post__thumbnail__link\" href=\"https:\/\/www.adobecar.com\/de\/flota\/premium-suv-gelaendewagen-mieten\/\">\n\t\t\t\t<div class=\"elementor-portfolio-item__img elementor-post__thumbnail\">\n\t\t\t<img loading=\"lazy\" decoding=\"async\" width=\"300\" height=\"214\" src=\"https:\/\/www.adobecar.com\/wp-content\/uploads\/2019\/08\/G-Ford-Explorer-4WD-AT-300x214.jpg\" class=\"attachment-medium size-medium wp-image-29774\" alt=\"\" srcset=\"https:\/\/www.adobecar.com\/wp-content\/uploads\/2019\/08\/G-Ford-Explorer-4WD-AT-300x214.jpg 300w, https:\/\/www.adobecar.com\/wp-content\/uploads\/2019\/08\/G-Ford-Explorer-4WD-AT-400x284.jpg 400w, https:\/\/www.adobecar.com\/wp-content\/uploads\/2019\/08\/G-Ford-Explorer-4WD-AT-150x107.jpg 150w, https:\/\/www.adobecar.com\/wp-content\/uploads\/2019\/08\/G-Ford-Explorer-4WD-AT.jpg 420w\" sizes=\"(max-width: 300px) 100vw, 300px\" \/>\t\t<\/div>\n\t\t\t\t<h2 class=\"elementor-portfolio-item__title\">\n\t\tPremium SUV-Gel\u00e4ndewagen mieten\t\t<\/h2>\n\t\t                        <div class=\"elementor-portfolio-item__vehicle-grupo-arc\">\n                            KATEGORIE O                        <\/div>\n                        \t\t<\/a>\n\t\t<\/article>\n\t\t\t\t<article class=\"elementor-portfolio-item elementor-post elementor-filter-5477 post-24424 fleet type-fleet status-publish has-post-thumbnail hentry fleet_type-multipax-cargo-de\" role=\"listitem\">\n\t\t\t<a class=\"elementor-post__thumbnail__link\" href=\"https:\/\/www.adobecar.com\/de\/flota\/minivan-mit-automatikgetriebe-mieten\/\">\n\t\t\t\t<div class=\"elementor-portfolio-item__img elementor-post__thumbnail\">\n\t\t\t<img loading=\"lazy\" decoding=\"async\" width=\"300\" height=\"214\" src=\"https:\/\/www.adobecar.com\/wp-content\/uploads\/2022\/07\/e-3-1-300x214.jpg\" class=\"attachment-medium size-medium wp-image-25638\" alt=\"full-size-suv-gelandewagen-mieten\" srcset=\"https:\/\/www.adobecar.com\/wp-content\/uploads\/2022\/07\/e-3-1-300x214.jpg 300w, https:\/\/www.adobecar.com\/wp-content\/uploads\/2022\/07\/e-3-1-400x284.jpg 400w, https:\/\/www.adobecar.com\/wp-content\/uploads\/2022\/07\/e-3-1-24x17.jpg 24w, https:\/\/www.adobecar.com\/wp-content\/uploads\/2022\/07\/e-3-1-36x26.jpg 36w, https:\/\/www.adobecar.com\/wp-content\/uploads\/2022\/07\/e-3-1-48x34.jpg 48w, https:\/\/www.adobecar.com\/wp-content\/uploads\/2022\/07\/e-3-1-150x107.jpg 150w, https:\/\/www.adobecar.com\/wp-content\/uploads\/2022\/07\/e-3-1.jpg 420w\" sizes=\"(max-width: 300px) 100vw, 300px\" \/>\t\t<\/div>\n\t\t\t\t<h2 class=\"elementor-portfolio-item__title\">\n\t\tMinivan mit Automatikgetriebe mieten\t\t<\/h2>\n\t\t                        <div class=\"elementor-portfolio-item__vehicle-grupo-arc\">\n                            KATEGORIE E                        <\/div>\n                        \t\t<\/a>\n\t\t<\/article>\n\t\t\t\t<article class=\"elementor-portfolio-item elementor-post  post-46859 fleet type-fleet status-publish has-post-thumbnail hentry\" role=\"listitem\">\n\t\t\t<a class=\"elementor-post__thumbnail__link\" href=\"https:\/\/www.adobecar.com\/de\/flota\/pickup-44-mieten\/\">\n\t\t\t\t<div class=\"elementor-portfolio-item__img elementor-post__thumbnail\">\n\t\t\t<img loading=\"lazy\" decoding=\"async\" width=\"300\" height=\"214\" src=\"https:\/\/www.adobecar.com\/wp-content\/uploads\/2026\/04\/s.jpg-300x214.jpeg\" class=\"attachment-medium size-medium wp-image-46831\" alt=\"\" srcset=\"https:\/\/www.adobecar.com\/wp-content\/uploads\/2026\/04\/s.jpg-300x214.jpeg 300w, https:\/\/www.adobecar.com\/wp-content\/uploads\/2026\/04\/s.jpg-150x107.jpeg 150w, https:\/\/www.adobecar.com\/wp-content\/uploads\/2026\/04\/s.jpg.jpeg 420w\" sizes=\"(max-width: 300px) 100vw, 300px\" \/>\t\t<\/div>\n\t\t\t\t<h2 class=\"elementor-portfolio-item__title\">\n\t\tPickup 4\u00d74 mieten\t\t<\/h2>\n\t\t                        <div class=\"elementor-portfolio-item__vehicle-grupo-arc\">\n                            KATEGORIE S                        <\/div>\n                        \t\t<\/a>\n\t\t<\/article>\n\t\t\t\t<article class=\"elementor-portfolio-item elementor-post elementor-filter-5477 post-24429 fleet type-fleet status-publish has-post-thumbnail hentry fleet_type-multipax-cargo-de\" role=\"listitem\">\n\t\t\t<a class=\"elementor-post__thumbnail__link\" href=\"https:\/\/www.adobecar.com\/de\/flota\/pickup-4x4-mieten\/\">\n\t\t\t\t<div class=\"elementor-portfolio-item__img elementor-post__thumbnail\">\n\t\t\t<img loading=\"lazy\" decoding=\"async\" width=\"300\" height=\"214\" src=\"https:\/\/www.adobecar.com\/wp-content\/uploads\/2019\/08\/dmax-1-300x214.jpg\" class=\"attachment-medium size-medium wp-image-40558\" alt=\"\" srcset=\"https:\/\/www.adobecar.com\/wp-content\/uploads\/2019\/08\/dmax-1-300x214.jpg 300w, https:\/\/www.adobecar.com\/wp-content\/uploads\/2019\/08\/dmax-1-150x107.jpg 150w, https:\/\/www.adobecar.com\/wp-content\/uploads\/2019\/08\/dmax-1.jpg 420w\" sizes=\"(max-width: 300px) 100vw, 300px\" \/>\t\t<\/div>\n\t\t\t\t<h2 class=\"elementor-portfolio-item__title\">\n\t\tPickup 4\u00d74 mieten\t\t<\/h2>\n\t\t                        <div class=\"elementor-portfolio-item__vehicle-grupo-arc\">\n                            KATEGORIE K                        <\/div>\n                        \t\t<\/a>\n\t\t<\/article>\n\t\t\t\t<article class=\"elementor-portfolio-item elementor-post elementor-filter-5477 post-24433 fleet type-fleet status-publish has-post-thumbnail hentry fleet_type-multipax-cargo-de\" role=\"listitem\">\n\t\t\t<a class=\"elementor-post__thumbnail__link\" href=\"https:\/\/www.adobecar.com\/de\/flota\/lieferwagen-mieten\/\">\n\t\t\t\t<div class=\"elementor-portfolio-item__img elementor-post__thumbnail\">\n\t\t\t<img loading=\"lazy\" decoding=\"async\" width=\"300\" height=\"214\" src=\"https:\/\/www.adobecar.com\/wp-content\/uploads\/2019\/08\/panel-arc-300x214.jpg\" class=\"attachment-medium size-medium wp-image-40562\" alt=\"\" srcset=\"https:\/\/www.adobecar.com\/wp-content\/uploads\/2019\/08\/panel-arc-300x214.jpg 300w, https:\/\/www.adobecar.com\/wp-content\/uploads\/2019\/08\/panel-arc-150x107.jpg 150w, https:\/\/www.adobecar.com\/wp-content\/uploads\/2019\/08\/panel-arc.jpg 420w\" sizes=\"(max-width: 300px) 100vw, 300px\" \/>\t\t<\/div>\n\t\t\t\t<h2 class=\"elementor-portfolio-item__title\">\n\t\tLieferwagen mieten\t\t<\/h2>\n\t\t                        <div class=\"elementor-portfolio-item__vehicle-grupo-arc\">\n                            KATEGORIE C                        <\/div>\n                        \t\t<\/a>\n\t\t<\/article>\n\t\t\t\t<\/div>\n\t\t<\/div>\t\t\t\t<\/div>\n\t\t\t\t<\/div>\n\t\t\t\t\t<\/div>\n\t\t\t\t<\/div>\n\t\t\t\t<\/div>\n\t\t\t\t<\/div>\n\t\t\t\t\t\t<\/div>\n\t\t\t\t<\/div>\n\t\t\t\t\t<\/div>\n\t\t\t\t<\/div>\n\t\t\t\t<\/div>\n\t\t","protected":false},"featured_media":46831,"template":"","meta":{"_acf_changed":false,"_kad_post_transparent":"","_kad_post_title":"","_kad_post_layout":"","_kad_post_sidebar_id":"","_kad_post_content_style":"","_kad_post_vertical_padding":"","_kad_post_feature":"","_kad_post_feature_position":"","_kad_post_header":false,"_kad_post_footer":false,"_kad_post_classname":""},"fleet_type":[],"class_list":["post-46859","fleet","type-fleet","status-publish","has-post-thumbnail","hentry"],"acf":[],"yoast_head":"<!-- This site is optimized with the Yoast SEO Premium plugin v26.9 (Yoast SEO v26.9) - https:\/\/yoast.com\/product\/yoast-seo-premium-wordpress\/ -->\n<title>\u3010Miet-Pickup 4x4\u3011Mitsubishi L200 GLS Doppelkabine Automatik<\/title>\n<meta name=\"description\" content=\"\u261d Bei 4x4-Lkw mit Standardgetriebe, wie dem Mitsubishi L200 GLS Doppelkabiner oder \u00e4hnlichen Modellen, handelt es sich um Nutzfahrzeuge.\" \/>\n<meta name=\"robots\" content=\"index, follow, max-snippet:-1, max-image-preview:large, max-video-preview:-1\" \/>\n<link rel=\"canonical\" href=\"https:\/\/www.adobecar.com\/de\/flota\/pickup-44-mieten\/\" \/>\n<meta property=\"og:locale\" content=\"de_DE\" \/>\n<meta property=\"og:type\" content=\"article\" \/>\n<meta property=\"og:title\" content=\"Pickup 4\u00d74 mieten\" \/>\n<meta property=\"og:description\" content=\"\u261d Bei 4x4-Lkw mit Standardgetriebe, wie dem Mitsubishi L200 GLS Doppelkabiner oder \u00e4hnlichen Modellen, handelt es sich um Nutzfahrzeuge.\" \/>\n<meta property=\"og:url\" content=\"https:\/\/www.adobecar.com\/de\/flota\/pickup-44-mieten\/\" \/>\n<meta property=\"og:site_name\" content=\"Adobe Rent a Car\" \/>\n<meta property=\"article:publisher\" content=\"https:\/\/www.facebook.com\/adobecar\" \/>\n<meta property=\"article:modified_time\" content=\"2026-04-27T16:15:49+00:00\" \/>\n<meta property=\"og:image\" content=\"https:\/\/www.adobecar.com\/wp-content\/uploads\/2026\/04\/s.jpg.jpeg\" \/>\n\t<meta property=\"og:image:width\" content=\"420\" \/>\n\t<meta property=\"og:image:height\" content=\"300\" \/>\n\t<meta property=\"og:image:type\" content=\"image\/jpeg\" \/>\n<meta name=\"twitter:card\" content=\"summary_large_image\" \/>\n<meta name=\"twitter:site\" content=\"@adoberentacar\" \/>\n<script type=\"application\/ld+json\" class=\"yoast-schema-graph\">{\"@context\":\"https:\/\/schema.org\",\"@graph\":[{\"@type\":\"WebPage\",\"@id\":\"https:\/\/www.adobecar.com\/de\/flota\/pickup-44-mieten\/\",\"url\":\"https:\/\/www.adobecar.com\/de\/flota\/pickup-44-mieten\/\",\"name\":\"\u3010Miet-Pickup 4x4\u3011Mitsubishi L200 GLS Doppelkabine Automatik\",\"isPartOf\":{\"@id\":\"https:\/\/www.adobecar.com\/de\/#website\"},\"primaryImageOfPage\":{\"@id\":\"https:\/\/www.adobecar.com\/de\/flota\/pickup-44-mieten\/#primaryimage\"},\"image\":{\"@id\":\"https:\/\/www.adobecar.com\/de\/flota\/pickup-44-mieten\/#primaryimage\"},\"thumbnailUrl\":\"https:\/\/www.adobecar.com\/wp-content\/uploads\/2026\/04\/s.jpg.jpeg\",\"datePublished\":\"2019-08-02T08:02:43+00:00\",\"dateModified\":\"2026-04-27T16:15:49+00:00\",\"description\":\"\u261d Bei 4x4-Lkw mit Standardgetriebe, wie dem Mitsubishi L200 GLS Doppelkabiner oder \u00e4hnlichen Modellen, handelt es sich um Nutzfahrzeuge.\",\"breadcrumb\":{\"@id\":\"https:\/\/www.adobecar.com\/de\/flota\/pickup-44-mieten\/#breadcrumb\"},\"inLanguage\":\"de\",\"potentialAction\":[{\"@type\":\"ReadAction\",\"target\":[\"https:\/\/www.adobecar.com\/de\/flota\/pickup-44-mieten\/\"]}]},{\"@type\":\"ImageObject\",\"inLanguage\":\"de\",\"@id\":\"https:\/\/www.adobecar.com\/de\/flota\/pickup-44-mieten\/#primaryimage\",\"url\":\"https:\/\/www.adobecar.com\/wp-content\/uploads\/2026\/04\/s.jpg.jpeg\",\"contentUrl\":\"https:\/\/www.adobecar.com\/wp-content\/uploads\/2026\/04\/s.jpg.jpeg\",\"width\":420,\"height\":300},{\"@type\":\"BreadcrumbList\",\"@id\":\"https:\/\/www.adobecar.com\/de\/flota\/pickup-44-mieten\/#breadcrumb\",\"itemListElement\":[{\"@type\":\"ListItem\",\"position\":1,\"name\":\"Mietwagen\",\"item\":\"https:\/\/www.adobecar.com\/de\/\"},{\"@type\":\"ListItem\",\"position\":2,\"name\":\"Pickup 4\u00d74 mieten\"}]},{\"@type\":\"WebSite\",\"@id\":\"https:\/\/www.adobecar.com\/de\/#website\",\"url\":\"https:\/\/www.adobecar.com\/de\/\",\"name\":\"Adobe Rent a Car\",\"description\":\"Largest local car rental company in Costa Rica\",\"publisher\":{\"@id\":\"https:\/\/www.adobecar.com\/de\/#organization\"},\"alternateName\":\"ARC Car Rental\",\"potentialAction\":[{\"@type\":\"SearchAction\",\"target\":{\"@type\":\"EntryPoint\",\"urlTemplate\":\"https:\/\/www.adobecar.com\/de\/?s={search_term_string}\"},\"query-input\":{\"@type\":\"PropertyValueSpecification\",\"valueRequired\":true,\"valueName\":\"search_term_string\"}}],\"inLanguage\":\"de\"},{\"@type\":[\"Organization\",\"Place\"],\"@id\":\"https:\/\/www.adobecar.com\/de\/#organization\",\"name\":\"Adobe Rent a Car\",\"url\":\"https:\/\/www.adobecar.com\/de\/\",\"logo\":{\"@type\":\"ImageObject\",\"inLanguage\":\"de\",\"@id\":\"https:\/\/www.adobecar.com\/de\/#\/schema\/logo\/image\/\",\"url\":\"https:\/\/www.adobecar.com\/wp-content\/uploads\/2020\/05\/logo-ARC.png\",\"contentUrl\":\"https:\/\/www.adobecar.com\/wp-content\/uploads\/2020\/05\/logo-ARC.png\",\"width\":170,\"height\":78,\"caption\":\"Adobe Rent a Car\"},\"image\":{\"@id\":\"https:\/\/www.adobecar.com\/de\/#\/schema\/logo\/image\/\"},\"sameAs\":[\"https:\/\/www.facebook.com\/adobecar\",\"https:\/\/x.com\/adoberentacar\",\"https:\/\/www.instagram.com\/adoberentacar\/\",\"https:\/\/www.linkedin.com\/company\/adobe-rent-a-car\",\"https:\/\/www.youtube.com\/channel\/UCPJfc3n7wu_7aR8H_nd6VJQ\"],\"mainEntityOfPage\":{\"@id\":\"https:\/\/www.adobecar.com\/de\/flota\/pickup-44-mieten\/\"}}]}<\/script>\n<!-- \/ Yoast SEO Premium plugin. -->","yoast_head_json":{"title":"\u3010Miet-Pickup 4x4\u3011Mitsubishi L200 GLS Doppelkabine Automatik","description":"\u261d Bei 4x4-Lkw mit Standardgetriebe, wie dem Mitsubishi L200 GLS Doppelkabiner oder \u00e4hnlichen Modellen, handelt es sich um Nutzfahrzeuge.","robots":{"index":"index","follow":"follow","max-snippet":"max-snippet:-1","max-image-preview":"max-image-preview:large","max-video-preview":"max-video-preview:-1"},"canonical":"https:\/\/www.adobecar.com\/de\/flota\/pickup-44-mieten\/","og_locale":"de_DE","og_type":"article","og_title":"Pickup 4\u00d74 mieten","og_description":"\u261d Bei 4x4-Lkw mit Standardgetriebe, wie dem Mitsubishi L200 GLS Doppelkabiner oder \u00e4hnlichen Modellen, handelt es sich um Nutzfahrzeuge.","og_url":"https:\/\/www.adobecar.com\/de\/flota\/pickup-44-mieten\/","og_site_name":"Adobe Rent a Car","article_publisher":"https:\/\/www.facebook.com\/adobecar","article_modified_time":"2026-04-27T16:15:49+00:00","og_image":[{"width":420,"height":300,"url":"https:\/\/www.adobecar.com\/wp-content\/uploads\/2026\/04\/s.jpg.jpeg","type":"image\/jpeg"}],"twitter_card":"summary_large_image","twitter_site":"@adoberentacar","schema":{"@context":"https:\/\/schema.org","@graph":[{"@type":"WebPage","@id":"https:\/\/www.adobecar.com\/de\/flota\/pickup-44-mieten\/","url":"https:\/\/www.adobecar.com\/de\/flota\/pickup-44-mieten\/","name":"\u3010Miet-Pickup 4x4\u3011Mitsubishi L200 GLS Doppelkabine Automatik","isPartOf":{"@id":"https:\/\/www.adobecar.com\/de\/#website"},"primaryImageOfPage":{"@id":"https:\/\/www.adobecar.com\/de\/flota\/pickup-44-mieten\/#primaryimage"},"image":{"@id":"https:\/\/www.adobecar.com\/de\/flota\/pickup-44-mieten\/#primaryimage"},"thumbnailUrl":"https:\/\/www.adobecar.com\/wp-content\/uploads\/2026\/04\/s.jpg.jpeg","datePublished":"2019-08-02T08:02:43+00:00","dateModified":"2026-04-27T16:15:49+00:00","description":"\u261d Bei 4x4-Lkw mit Standardgetriebe, wie dem Mitsubishi L200 GLS Doppelkabiner oder \u00e4hnlichen Modellen, handelt es sich um Nutzfahrzeuge.","breadcrumb":{"@id":"https:\/\/www.adobecar.com\/de\/flota\/pickup-44-mieten\/#breadcrumb"},"inLanguage":"de","potentialAction":[{"@type":"ReadAction","target":["https:\/\/www.adobecar.com\/de\/flota\/pickup-44-mieten\/"]}]},{"@type":"ImageObject","inLanguage":"de","@id":"https:\/\/www.adobecar.com\/de\/flota\/pickup-44-mieten\/#primaryimage","url":"https:\/\/www.adobecar.com\/wp-content\/uploads\/2026\/04\/s.jpg.jpeg","contentUrl":"https:\/\/www.adobecar.com\/wp-content\/uploads\/2026\/04\/s.jpg.jpeg","width":420,"height":300},{"@type":"BreadcrumbList","@id":"https:\/\/www.adobecar.com\/de\/flota\/pickup-44-mieten\/#breadcrumb","itemListElement":[{"@type":"ListItem","position":1,"name":"Mietwagen","item":"https:\/\/www.adobecar.com\/de\/"},{"@type":"ListItem","position":2,"name":"Pickup 4\u00d74 mieten"}]},{"@type":"WebSite","@id":"https:\/\/www.adobecar.com\/de\/#website","url":"https:\/\/www.adobecar.com\/de\/","name":"Adobe Rent a Car","description":"Largest local car rental company in Costa Rica","publisher":{"@id":"https:\/\/www.adobecar.com\/de\/#organization"},"alternateName":"ARC Car Rental","potentialAction":[{"@type":"SearchAction","target":{"@type":"EntryPoint","urlTemplate":"https:\/\/www.adobecar.com\/de\/?s={search_term_string}"},"query-input":{"@type":"PropertyValueSpecification","valueRequired":true,"valueName":"search_term_string"}}],"inLanguage":"de"},{"@type":["Organization","Place"],"@id":"https:\/\/www.adobecar.com\/de\/#organization","name":"Adobe Rent a Car","url":"https:\/\/www.adobecar.com\/de\/","logo":{"@type":"ImageObject","inLanguage":"de","@id":"https:\/\/www.adobecar.com\/de\/#\/schema\/logo\/image\/","url":"https:\/\/www.adobecar.com\/wp-content\/uploads\/2020\/05\/logo-ARC.png","contentUrl":"https:\/\/www.adobecar.com\/wp-content\/uploads\/2020\/05\/logo-ARC.png","width":170,"height":78,"caption":"Adobe Rent a Car"},"image":{"@id":"https:\/\/www.adobecar.com\/de\/#\/schema\/logo\/image\/"},"sameAs":["https:\/\/www.facebook.com\/adobecar","https:\/\/x.com\/adoberentacar","https:\/\/www.instagram.com\/adoberentacar\/","https:\/\/www.linkedin.com\/company\/adobe-rent-a-car","https:\/\/www.youtube.com\/channel\/UCPJfc3n7wu_7aR8H_nd6VJQ"],"mainEntityOfPage":{"@id":"https:\/\/www.adobecar.com\/de\/flota\/pickup-44-mieten\/"}}]}},"_links":{"self":[{"href":"https:\/\/www.adobecar.com\/de\/wp-json\/wp\/v2\/fleet\/46859","targetHints":{"allow":["GET"]}}],"collection":[{"href":"https:\/\/www.adobecar.com\/de\/wp-json\/wp\/v2\/fleet"}],"about":[{"href":"https:\/\/www.adobecar.com\/de\/wp-json\/wp\/v2\/types\/fleet"}],"version-history":[{"count":0,"href":"https:\/\/www.adobecar.com\/de\/wp-json\/wp\/v2\/fleet\/46859\/revisions"}],"wp:featuredmedia":[{"embeddable":true,"href":"https:\/\/www.adobecar.com\/de\/wp-json\/wp\/v2\/media\/46831"}],"wp:attachment":[{"href":"https:\/\/www.adobecar.com\/de\/wp-json\/wp\/v2\/media?parent=46859"}],"wp:term":[{"taxonomy":"fleet_type","embeddable":true,"href":"https:\/\/www.adobecar.com\/de\/wp-json\/wp\/v2\/fleet_type?post=46859"}],"curies":[{"name":"wp","href":"https:\/\/api.w.org\/{rel}","templated":true}]}}